{"id":414,"date":"2021-12-06T09:47:24","date_gmt":"2021-12-06T09:47:24","guid":{"rendered":"https:\/\/galerii.ddisain.ee\/?page_id=414"},"modified":"2026-01-12T17:35:49","modified_gmt":"2026-01-12T17:35:49","slug":"press","status":"publish","type":"page","link":"https:\/\/hobusepeadraakon.ee\/en\/press\/","title":{"rendered":"Press"},"content":{"rendered":"<h1>Press<\/h1>\n<h2>2025<\/h2>\n<p><a href=\"https:\/\/kultuur.err.ee\/1609894852\/ulevaade-kunstiaasta-2025\">\u00dclevaade. Kunstiaasta 2025, kultuur.err.ee, 30.12.2025<\/a><br \/>\n<a href=\"https:\/\/klassikaraadio.err.ee\/1609884761\/kunstiministeerium-tagasivaade-kunstiaastale-2025\">Kunstiministeerium. Tagasivaade kunstiaastale 2025, Klassikaraadio.err.ee, 27.12.2025<\/a><br \/>\n<a href=\"https:\/\/www.sirp.ee\/kunstiaasta-2025-pimedus-ja-varvid\/\">Kunstiaasta 2025 \u2013 pimedus ja v\u00e4rvid, Sirp, 19.12.2025, Juhan Raud<\/a><br \/>\n<a href=\"https:\/\/echogonewrong.com\/photo-reportage-from-the-exhibition-obsessions-by-art-allmagi-at-the-draakon-gallery\/\">Photo reportage from the exhibition &#8216;Obsessions&#8217; by Art Allm\u00e4gi at the Draakon Gallery, Echo Gone Wrong, 08.01.2025<\/a><br \/>\n<a href=\"https:\/\/kultuur.err.ee\/1609889704\/galerii-skulptor-art-allmagi-avas-draakoni-galeriis-isikunaituse-sundmotted\">Galerii: skulptor Art Allm\u00e4gi avas Draakoni galeriis isikun\u00e4ituse &#8220;Sundm\u00f5tted&#8221;, kultuur.err.ee, 18.12.2025<\/a><br \/>\n<a href=\"https:\/\/www.sirp.ee\/kas-auk-seinas-on-kunstiteos\/\">Kas auk seinas on kunstiteos?, Sirp, 9.01.2026, \u00d5nne Paulus<\/a><br \/>\n<a href=\"https:\/\/echogonewrong.com\/photo-reportage-from-the-exhibition-amuse-by-petra-vehvilainen-tuomas-lehtomaa-at-the-hobusepea-gallery\/\">Photo reportage from the exhibition &#8216;Amuse&#8217; by Petra Vehvil\u00e4inen &amp; Tuomas Lehtomaa at the Hobusepea Gallery, Echo Gone Wrong, 08.01.2026<\/a><br \/>\n<a href=\"https:\/\/kultuur.err.ee\/1609890031\/pildid-soome-skulptorid-avasid-hobusepea-galeriis-naituse-amuse\">Pildid: soome skulptorid avasid Hobusepea galeriis n\u00e4ituse &#8220;Amuse, kultuur.err.ee, 19.12.2025<\/a><br \/>\n<a href=\"https:\/\/echogonewrong.com\/photo-reportage-from-kirke-kangros-solo-exhibition-the-scream-of-kalevipoeg-dream-of-a-monument-at-the-draakon-gallery\/\">Photo reportage from Kirke Kangro\u2019s solo exhibition &#8216;The Scream of Kalevipoeg. Dream of a Monument&#8217; at the Draakon Gallery, Echo Gone Wrong, 09.12.2025<\/a><br \/>\n<a href=\"https:\/\/kultuur.err.ee\/1609877809\/kirke-kangro-ajaloolise-ebaoigluse-tahis-tuleb-avalikust-ruumist-valja-torjuda\">Kirke Kangro: ajaloolise eba\u00f5igluse t\u00e4his tuleb avalikust ruumist v\u00e4lja t\u00f5rjuda, kultuur.err.ee, 07.12.2025<\/a><br \/>\n<a href=\"https:\/\/kultuur.err.ee\/1609864449\/galerii-kirke-kangro-naitus-draakoni-galeriis-taaselustab-kalevipoja\">Galerii: Kirke Kangro n\u00e4itus Draakoni galeriis taaselustab Kalevipoja, kultuur.err.ee, 21.11.2025<\/a><br \/>\n<a href=\"https:\/\/echogonewrong.com\/photo-reportage-from-the-exhibition-practice-for-being-by-sandra-sirp-at-the-hobusepea-gallery\/\">Photo reportage from the exhibition &#8216;Practice for Being&#8217; by Sandra Sirp at the Hobusepea Gallery, Echo Gone Wrong, 09.12.2025<\/a><br \/>\n<a href=\"https:\/\/vikerraadio.err.ee\/1609851496\/kultuuriuudised-20-11-tonu-karjatse\/dc2cd1a884aea2116b8949e2e5acd8d0\">Kultuuriuudised, Sandra Sirp, 20.11.2025, T\u00f5nu Karjatse<\/a><br \/>\n<a href=\"https:\/\/echogonewrong.com\/photo-reportage-from-the-exhibition-between-a-mountain-and-a-valley-by-tanel-randertanel-rander\/\">Photo reportage from the exhibition &#8216;Between a Mountain and a Valley&#8217; by Tanel Rander at Draakoni Gallery, Echo Gone Wrong, 06.11.2025<\/a><br \/>\n<a href=\"https:\/\/echogonewrong.com\/exhibition-wouldnt-you-happen-to-know-mark-here-in-valga-a-story-from-bordertown-by-danel-ulper-hedi-kuhi-at-the-hobusepea-gallery\/\">Exhibition &#8216;Wouldn\u2019t You Happen to Know Mark Here in Valga? A Story from Bordertown&#8217; by Danel \u00dclper &amp; Hedi Kuhi at the Hobusepea Gallery, Echo Gone Wrong, 06.11.2025<\/a><br \/>\n<a href=\"https:\/\/echogonewrong.com\/photo-reportage-from-ron-verlins-exhibition-that-which-i-was-in-life-i-am-in-death-opened-at-the-draakoni-gallery\/\">Photo reportage from Ron Verlin\u2019s exhibition &#8216;that which I was in life, I am in death opened&#8217; at the Draakoni Gallery, Echo Gone Wrong, 14.10.2025<\/a><br \/>\n<a href=\"https:\/\/klassikaraadio.err.ee\/1609814314\/kunstiministeerium-aeglus-ja-porgu\">Kunstiministeerium. Aeglus ja p\u00f5rgu, Klassikaraadio.err.ee, 11.10.2025<\/a><br \/>\n<a href=\"ttps:\/\/kultuur.postimees.ee\/8339946\/arvustus-porgu-on-mood-ja-mood-on-porgu\">ARVUSTUS \u27e9 P\u00f5rgu on mood ja mood on p\u00f5rgu, Postimees, 10.10.2025, Anne Vettik<\/a><br \/>\n<a href=\"https:\/\/www.sirp.ee\/mutopoeetiline-blade-runner-otsib-lunastust\/\">M\u00fctopoeetiline blade runner otsib lunastust, Sirp, 10.10.2025, Hans Alla<\/a><br \/>\n<a href=\"https:\/\/www.sirp.ee\/kui-nuga-libiseb-ja-loikab-sisse-reaalaega\/\">Kui nuga libiseb ja l\u00f5ikab sisse reaalaega, Sirp, 10.10.2025, Andrus Laansalu<\/a><br \/>\n<a href=\"https:\/\/echogonewrong.com\/photo-reportage-from-exhibition-just-juuri-nuud-nyt-at-both-hobusepea-and-foku-galleries\/\">Photo reportage from exhibition &#8216;just juuri n\u00fc\u00fcd nyt&#8217; at both Hobusepea and FOKU galleries, Echo Gone Wrong, 10.10.2025<\/a><br \/>\n<a href=\"https:\/\/kultuur.err.ee\/1609813527\/fotokuu-toi-tallinna-eesti-soome-fotokunstnike-uhisnaituse\">Fotokuu t\u00f5i Tallinna Eesti-Soome fotokunstnike \u00fchisn\u00e4ituse, kultuur.err.ee, 26.09.2025<\/a><br \/>\n<a href=\"https:\/\/echogonewrong.com\/exhibition-she-put-the-butterfly-on-the-door-and-said-spring-has-now-arrived-by-hedi-jaansoo-juliana-lindenhofer-at-draakoni-gallery\/\">Exhibition &#8216;She put the butterfly on the door and said spring has now arrived&#8217; by Hedi Jaansoo &amp; Juliana Lindenhofer at Draakoni Gallery, Echo Gone Wrong, 16.09.2025<\/a><br \/>\n<a href=\"https:\/\/ekspress.delfi.ee\/artikkel\/120401666\/kunstnik-ja-ema-hedi-jaansoo-kunstnikuna-oli-ebamugav-oelda-et-ootan-last\">KUNSTNIK JA EMA | Hedi Jaansoo: kunstnikuna oli ebamugav \u00f6elda, et ootan last, Areen, 14.09.2025, Kaarin Kivir\u00e4hk<\/a><br \/>\n<a href=\"https:\/\/kultuur.err.ee\/1609781517\/galerii-draakoni-galeriis-uus-naitus-koneleb-haavatavusest-ja-vastupanust\">Galerii: Draakoni galeriis uus n\u00e4itus k\u00f5neleb haavatavusest ja vastupanust, kultuur.err.ee, 28.08.2025<\/a><br \/>\n<a href=\"https:\/\/saliva.live\/exhibitions\/b291a66f\">Anatomy of Dust, Saliva.live, 21.09.2025<\/a><br \/>\n<a href=\"https:\/\/echogonewrong.com\/photo-reportage-from-the-exhibition-anatomy-of-dust-at-hobusepea-gallery\/\">Photo reportage from the exhibition &#8216;Anatomy of Dust&#8217; at Hobusepea Gallery, Echo Gone Wrong, 16.09.2025<\/a><br \/>\n<a href=\"https:\/\/www.sirp.ee\/kui-kohtuvad-kunst-ja-teadus\/\">Kui kohtuvad kunst ja teadus, Sirp, 12.09.2025, Andrei Liimets<\/a><br \/>\n<a href=\"https:\/\/kultuur.err.ee\/1609781406\/galerii-hobusepea-galeriis-avatud-naitus-korvutab-erinevaid-kunstipraktikaid\">Galerii: Hobusepea galeriis avatud n\u00e4itus k\u00f5rvutab erinevaid kunstipraktikaid, kultuur.err.ee, 28.08.2025<\/a><br \/>\n<a href=\"https:\/\/kubaparis.com\/submission\/522066\">Mari-Leen Kiipli. Plastic Ways, Salty Stones, Kuba Paris, 23.08.2023<\/a><br \/>\n<a href=\"https:\/\/easttopics.online\/2025\/08\/16\/mari-leen-kiipli-at-draakoni-gallery\/\">Mari-Leen Kiipli at Draakoni Gallery, Easttopics, 18.08.2025<\/a><br \/>\n<a href=\"https:\/\/echogonewrong.com\/photo-reportage-from-the-exhibition-plastic-ways-salty-stones-by-mari-leen-kiipli-at-draakoni-gallery\/\">Photo reportage from the exhibition &#8216;Plastic Ways, Salty Stones&#8217; by Mari-Leen Kiipli at Draakoni Gallery, Echo Gone Wrong, 18.08.2025<\/a><br \/>\n<a href=\"https:\/\/kultuur.err.ee\/1609761414\/galerii-mari-leen-kiipli-naitus-draakoni-galeriis-koneleb-moondumistest\">Galerii: Mari-Leen Kiipli n\u00e4itus Draakoni galeriis k\u00f5neleb moondumistest, kultuur.err.ee, 02.08.2025<\/a><br \/>\n<a href=\"https:\/\/kultuur.postimees.ee\/8308685\/naitus-mida-tuhistada-on-juba-liiga-hilja\">N\u00e4itus, mida t\u00fchistada on juba liiga hilja, Postimees, 20.05.2025, Edgar Finisterre<\/a><br \/>\n<a href=\"https:\/\/echogonewrong.com\/photo-reportage-from-the-exhibition-momentum-monumentum-by-al-paldrok-at-the-hobusepea-gallery\/\">Photo reportage from the exhibition &#8216;Momentum \/ Monumentum&#8217; by Al Paldrok at the Hobusepea gallery, Echo Gone Wrong, 18.08.2025<\/a><br \/>\n<a href=\"https:\/\/kultuur.err.ee\/1609761360\/pildid-al-paldrok-avas-hobusepea-galeriis-isikunaituse\">Pildid: Al Paldrok avas Hobusepea galeriis isikun\u00e4ituse, kultuur.err.ee, 02.08.2025<\/a><br \/>\n<a href=\"https:\/\/www.sirp.ee\/suvel-on-hea-peast-koll-olla\/\">Suvel on hea peast koll olla, Sirp, 25.07.2025, Juhan Raud<\/a><br \/>\n<a href=\"https:\/\/echogonewrong.com\/exhibition-yokai-tea-party-liisa-kruusmagi-draakon-gallery\/\">Photo reportage from the exhibition &#8216;Yokai Tea Party \/ \u5996\u602a\u306e\u304a\u8336&#8217; by Liisa Kruusm\u00e4gi at Draakon gallery, Echo Gone Wrong, 15.07.2025<\/a><br \/>\n<a href=\"https:\/\/klassikaraadio.err.ee\/1609732418\/delta-11-juulil-kadrioru-tahtpaevad-liisa-kruusmagi-noortenaitus\/9e94455df73a03fffffaa412280bae34\">Delta. Liisa Kruusm\u00e4gi isikun\u00e4itus &#8220;Yokai teepidu&#8221;, Delta, 11.07.2025<\/a><br \/>\n<a href=\"https:\/\/kultuur.err.ee\/1609736481\/galerii-liisa-kruusmagi-avas-jaapani-rahvajuttudest-inspireeritud-isikunaituse\">Galerii: Liisa Kruusm\u00e4gi avas Jaapani rahvajuttudest inspireeritud isikun\u00e4ituse, kultuur.err.ee, 03.07.2025<\/a><br \/>\n<a href=\"https:\/\/echogonewrong.com\/photo-reportage-from-jenny-gronholms-solo-exhibition-apostles-at-hobusepea-gallery\/\">Photo reportage from Jenny Gr\u00f6nholm\u2019s solo exhibition &#8216;Apostles&#8217; at Hobusepea gallery, Echo Gone Wrong, 15.07.2025<\/a><br \/>\n<a href=\"https:\/\/kultuur.err.ee\/1609736496\/galerii-jenny-gronholmi-suguvosa-fotoalbumist-sai-isikunaitus\">Galerii: Jenny Gr\u00f6nholmi suguv\u00f5sa fotoalbumist sai isikun\u00e4itus, kultuur.err.ee, 03.07.2025<\/a><br \/>\n<a href=\"https:\/\/epl.delfi.ee\/artikkel\/120385124\/arvustus-uks-teise-pehmemasse-reaalsusse-marleen-suvi-naitus-on-meditatiivne-ja-fredjussilikult-rahulik\">ARVUSTUS | Uks teise, pehmemasse reaalsusse. Marleen Suvi n\u00e4itus on meditatiivne ja fredj\u00fcssilikult rahulik, Eesti p\u00e4evaleht, 24.06.2025, Emel-Elizabeth Tuulik<\/a><br \/>\n<a href=\"https:\/\/kultuur.postimees.ee\/8272382\/arvustus-juulikuised-varvid-juba-juunis\">ARVUSTUS \u27e9 Juulikuised v\u00e4rvid juba juunis, Postimees, 20.06.2025, Eliise Marie N\u00f5gel<\/a><br \/>\n<a href=\"https:\/\/ekspress.delfi.ee\/artikkel\/120384750\/kunstnik-marleen-suvi-arvan-et-jargmisena-hakkan-oma-unenagusid-maalima\">Kunstnik Marleen Suvi: arvan, et j\u00e4rgmisena hakkan oma unen\u00e4gusid maalima, Eesti Ekspress, 18.06.2025, Kadri Karro<\/a><br \/>\n<a href=\"https:\/\/echogonewrong.com\/photo-reportage-from-the-exhibition-water-greenery-and-a-beautiful-face-by-marleen-suvi-at-the-draakoni-gallery\/\">Photo reportage from the exhibition &#8216;Water, Greenery and a Beautiful Face&#8217; by Marleen Suvi at the Draakoni gallery, Echo Gone Wrong, 03.06.2025<\/a><br \/>\n<a href=\"https:\/\/kultuur.err.ee\/1609707219\/galerii-marleen-suvi-avas-draakoni-galeriis-naituse-unistamisest-ja-unelemisest\">Galerii: Marleen Suvi avas Draakoni galeriis n\u00e4ituse unistamisest ja unelemisest, kultuur.err.ee, 28.05.2025<\/a><br \/>\n<a href=\"https:\/\/echogonewrong.com\/photo-reportage-from-the-exhibition-the-old-man-and-the-snowflake-by-danel-kahar-at-hobusepea-gallery\/\">Photo reportage from the exhibition &#8216;The Old Man and the Snowflake&#8217; by Danel Kahar at Hobusepea gallery, Echo Gone Wrong, 16.06.2025<\/a><br \/>\n<a href=\"https:\/\/echogonewrong.com\/photo-reportage-from-the-exhibition-freed-by-painting-by-marje-uksine-at-draakon-gallery\/\">Photo reportage from the exhibition &#8216;Freed by Painting&#8217; by Marje \u00dcksine at Draakon Gallery, Echo Gone Wrong, 19.05.2025<\/a><br \/>\n<a href=\"https:\/\/kuukiri.tantsuliit.ee\/artikkel\/lepingukunstist-ja-argi-ilust\/\">Artikkel: Lepingukunstist ja argi-ilust, Tantsukuukir, juuni 2026, K\u00e4rt Koppel<\/a><br \/>\n<a href=\"https:\/\/klassikaraadio.err.ee\/1609690235\/kunstiministeerium-leping-ja-jaljed\">Kunstiministeerium \u2013 Leping ja j\u00e4ljed, Kunstiministeerium, 24.05.2025<\/a><br \/>\n<a href=\"https:\/\/echogonewrong.com\/photo-reportage-from-the-exhibition-contract-by-anita-kremm-at-the-hobusepea-gallery\/\">Photo reportage from the exhibition &#8216;CONTRACT&#8217; by Anita Kremm at the Hobusepea gallery, Echo Gone Wrong, 20.05.2025<\/a><br \/>\n<a href=\"https:\/\/www.muurileht.ee\/kiirkohting-anita-kremm\/\">Kiirkohting: Anita Kremm, M\u00fc\u00fcrileht, 12.05.2025<\/a><br \/>\n<a href=\"https:\/\/www.sirp.ee\/kuidas-saada-anita-kremmiks\/\">Kuidas saada Anita Kremmiks?, Sirp, 09.05.2025, Karin Allik<\/a><br \/>\n<a href=\"https:\/\/kultuur.err.ee\/1609681400\/galerii-anita-kremm-avas-hobusepea-galeriis-isikunaituse-leping\">Galerii: Anita Kremm avas Hobusepea galeriis isikun\u00e4ituse &#8220;Leping&#8221;, kultuur.err.ee, 01.05.2025<\/a><br \/>\n<a href=\"https:\/\/echogonewrong.com\/photo-reportage-from-the-tiiu-kirsipuus-exhibition-on-dreams-at-draakon-gallery\/\">Photo reportage from the Tiiu Kirsipuu&#8217;s exhibition on dreams at Draakon gallery, Echo Gone Wrong, 17.04.2025<\/a><br \/>\n<a href=\"https:\/\/klassikaraadio.err.ee\/1609648385\/kunstiministeerium-kirsipuu-ja-maripuu\">Kunstiministeerium. Kirsipuu ja Maripuu, 12.04.2025, Aleksander Metsam\u00e4rt<\/a><br \/>\n<a href=\"https:\/\/kultuur.err.ee\/1609657904\/monograafia-avaldanud-tiiu-kirsipuu-olin-selle-motte-varem-korvale-heitnud\">Monograafia avaldanud Tiiu Kirsipuu: olin selle m\u00f5tte varem k\u00f5rvale heitnud, 08.04.2025<\/a><br \/>\n<a href=\"https:\/\/kultuur.err.ee\/1609652801\/galerii-draakoni-galeriis-avati-tiiu-kirsipuu-isikunaitus-ja-esitleti-monograafiat\">Galerii: Draakoni galeriis avati Tiiu Kirsipuu isikun\u00e4itus ja esitleti monograafiat, kultuur.err.ee, 03.04.2025<\/a><br \/>\nMina olen koletis ja kes oled sina?, Kunst.ee, 02\/2025, Francisco Martines<br \/>\n<a href=\"https:\/\/saliva.live\/exhibitions\/4f9616f5\">The House of Asterion, Saliva.live<\/a><br \/>\n<a href=\"https:\/\/bmoreart.com\/2025\/04\/from-baltimore-to-the-baltic-zody-burkes-the-house-of-asterion.html\">From Baltimore to the Baltic: Zody Burke on \u201cThe House of Asterion\u201d, BmoreArt, 25.04.2025, Michael Anthony Farley\u2019<\/a><br \/>\n<a href=\"https:\/\/echogonewrong.com\/photo-reportage-from-the-exhibition-the-house-of-asterion-by-zody-burke-at-hobusepea-gallery\/\">Photo reportage from the exhibition &#8216;The House of Asterion&#8217; by Zody Burke at Hobusepea gallery, Echo Gone Wrong, 17.04.2025<\/a><br \/>\n<a href=\"https:\/\/www.sirp.ee\/hobusepeas-tehakse-suurt-pulli\/\">Hobusepeas tehakse suurt pulli, Sirp, 11.04.2025, \u00d5nne Paulus<\/a><br \/>\n<a href=\"https:\/\/kultuur.err.ee\/1609655657\/galerii-zody-burke-uurib-hobusepea-galeriis-alternatiivseid-narratiive\">Galerii: Zody Burke uurib Hobusepea galeriis alternatiivseid narratiive, kultuur.err.ee, 06.04.2025<\/a><br \/>\n<a href=\"https:\/\/kubaparis.com\/submission\/490374\">Madlen Hirtentreu. Samurai Horizon, Kubaparis.com<\/a><br \/>\n<a href=\"https:\/\/www.sirp.ee\/cogito-ergo-samurai\/\">Cogito, ergo samurai?, Sirp, 21.03.2025, Juhan Raud<\/a><br \/>\n<a href=\"https:\/\/echogonewrong.com\/photo-reportage-from-the-exhibition-samurai-horizon-by-madlen-hirtentreu-at-draakoni-gallery\/\">Photo reportage from the exhibition &#8216;Samurai Horizon&#8217; by Madlen Hirtentreu at Draakoni Gallery, Echo Gone Wrong, 20.03.2025<\/a><br \/>\n<a href=\"https:\/\/kultuur.postimees.ee\/8213717\/kunstnik-madlen-hirtentreu-tahaks-teha-maksimaalselt-uhe-soolonaituse-kolme-aasta-jooksul\">Kunstnik Madlen Hirtentreu: tahaks teha maksimaalselt \u00fche soolon\u00e4ituse kolme aasta jooksul, Postimees, 20.03.2025, Konstantin Kuningas<\/a><br \/>\n<a href=\"https:\/\/kultuur.err.ee\/1609623992\/galerii-draakoni-galeriis-naeb-madlen-hirtentreu-fiktsioone\">Galerii: Draakoni galeriis n\u00e4eb Madlen Hirtentreu fiktsioone, kultuur.err.ee, 06.03.2025<\/a><br \/>\n<a href=\"https:\/\/www.sirp.ee\/sammaldunud-sammuloendaja-jalgib-mangu\/\">Sammaldunud sammuloendaja j\u00e4lgib m\u00e4ngu, Sirp, 28.03.2025, Juhan Raud<\/a><br \/>\n<a href=\"https:\/\/echogonewrong.com\/maarja-nurk-exhibition-hobusepea\/\">Photo reportage from Maarja Nurk\u2019s exhibition &#8216;Hundred Laps Around the Pond, Hundred Laps Around the Bush&#8217; at Hobusepea Gallery, Echo Gone Wrong, 20.03.2025<\/a><br \/>\n<a href=\"https:\/\/kultuur.err.ee\/1609628696\/maarja-nurga-isikunaitus-otsib-viise-linnaloodusega-suhestumiseks\">Maarja Nurga isikun\u00e4itus otsib viise linnaloodusega suhestumiseks, Kultuur.err.ee, 10.03.2025<\/a><br \/>\n<a href=\"https:\/\/echogonewrong.com\/photo-reportage-from-the-exhibition-stories-in-my-eyes-by-paula-zarina-zemane-at-draakoni-gallery\/\">Photo reportage from the exhibition &#8216;Stories in My Eyes&#8217; by Paula Zari\u0146a-Z\u0113mane at Draakoni Gallery, Echo Gone Wrong, 13.02.2025<\/a><br \/>\n<a href=\"https:\/\/vikerraadio.err.ee\/1609582790\/kultuuriuudised-04-02-tonu-karjatse\/ae05f9cb4c9f3ea4d906b488e989a7c9\">Kultuuriuudised. Paula Zari\u0146a-Z\u0113mane, 04.02.2025, T\u00f5nu Karjatse<\/a><br \/>\n<a href=\"https:\/\/arterritory.com\/en\/visual_arts\/events\/27415-dream-like_lanscapes_by_paula_zarina-zemane_at_draakon_gallery\">Dream-like lanscapes by Paula Zari\u0146a-Z\u0113mane at Draakon Gallery, Artterritory, 30.01.2025<\/a><br \/>\n<a href=\"https:\/\/klassikaraadio.err.ee\/1609606812\/kunstiministeerium-kapik-ja-marrastus\">Kunstiministeerium: K\u00e4pik ja marrastus, Kunstiministeerium, 01.03.2025, Aleksander Metsam\u00e4rt<\/a><br \/>\n<a href=\"https:\/\/kultuur.postimees.ee\/8196510\/arvustus-sarah-nomme-marrastusprintsessi-paevikud-loob-kunsti-ja-tabumaailma-kihama\">ARVUSTUS \u27e9 Sarah N\u00f5mme \u00abMarrastusprintsessi p\u00e4evikud\u00bb l\u00f6\u00f6b kunsti- ja tabumaailma kihama, Postimees, 21.02.2025, Helena Aadli<\/a><br \/>\n<a href=\"https:\/\/echogonewrong.com\/photo-reportage-from-the-exhibition-diaries-of-a-bruised-princess-by-sarah-nomm-at-hobusepea-gallery\/\">Photo reportage from the exhibition &#8216;Diaries of a Bruised Princess&#8217; by Sarah N\u00f5mm at Hobusepea Gallery, Echo Gone Wrong, 20.02.2025<\/a><br \/>\n<a href=\"https:\/\/www.sirp.ee\/hoolitsus-ja-karistus-kui-printess-tahab-pehmelt-piitsa\/\">Hoolitsus ja karistus: kui printsess tahab (pehmelt?) piitsa, Sirp, 14.02.2025, Sveta Grigorjeva<\/a><br \/>\n<a href=\"https:\/\/kultuur.err.ee\/1609603343\/hobusepea-galeriis-naituse-avanud-sarah-nomm-mind-koidavad-vastandlikud-materjalid\">Hobusepea galeriis n\u00e4ituse avanud Sarah N\u00f5mm: mind k\u00f6idavad vastandlikud materjalid, kultuur.err.ee, 12.02.2025<\/a><br \/>\n<a href=\"https:\/\/echogonewrong.com\/photo-reportage-from-the-exhibition-once-upon-a-time-by-marko-maetamm-at-draakon-gallery\/\">Photo reportage from the exhibition &#8216;Once Upon a Time&#8217; by Marko M\u00e4etamm at Draakon Gallery, Echo Gone Wrong, 01.02.2025<\/a><br \/>\n<a href=\"https:\/\/www.sirp.ee\/aladdini-katsesarved\/\">Aladdini katsesarved. Sirp, 31.01.2025, Juhan Raud<\/a><br \/>\n<a href=\"https:\/\/kuku.pleier.ee\/podcast\/kuku-parastlouna\/198060?fbclid=IwY2xjawJFJ8dleHRuA2FlbQIxMQABHU5HRt9q5F0OXSwI9kc9xjdiUri4pgjAltgavIAOf76wd-BnOhy-gf8Bbw_aem_5b99NzVyDzxz-Ly1YgxZeg\">Kuku p\u00e4rastl\u00f5una: Marko M\u00e4etamm &#8211; uued n\u00e4itused Tallinnas, 08.02.2025, Kuku raadio, Neeme Raud<\/a><br \/>\n<a href=\"https:\/\/kultuur.err.ee\/1609570399\/galerii-marko-maetamm-tostab-oma-uuel-naitusel-muinasjutud-kaasaegsesse-inforuumi\">Galerii: Marko M\u00e4etamm t\u00f5stab oma uuel n\u00e4itusel muinasjutud kaasaegsesse inforuumi, kultuur.err.ee, 08.01.2025<\/a><br \/>\n<a href=\"https:\/\/echogonewrong.com\/photo-reportage-from-the-exhibition-weak-signals-by-hanna-rast-at-the-hobusepea-gallery\/\">Photo reportage from the exhibition &#8216;Weak Signals&#8217; by Hanna R\u00e5st at the Hobusepea Gallery, Echo Gone Wrong, 01.02.2025<\/a><\/p>\n<h2>2024<\/h2>\n<p><a href=\"https:\/\/echogonewrong.com\/photo-reportage-from-the-exhibition-in-spe-saint-victor-and-four-dragons-by-krista-leesi-at-draakon-gallery\/\">Photo reportage from the exhibition &#8216;In Spe. Saint Victor and Four Dragons&#8217; by Krista Leesi at Draakon gallery, Echo Gone Wrong, 19.12.2024<\/a><br \/>\n<a href=\"https:\/\/kultuur.err.ee\/1609536493\/galerii-krista-leesi-avas-puhast-viktorist-inspireeritud-naituse\">Galerii: Krista Leesi avas p\u00fchast Viktorist inspireeritud n\u00e4ituse, kultuur.err.ee, 29.11.2024<\/a><br \/>\n<a href=\"https:\/\/echogonewrong.com\/photo-reportage-from-the-exhibition-ghosts-and-powers-by-alexei-gordin-at-hobusepea-gallery\/\">Photo reportage from the exhibition &#8216;Ghosts and Powers&#8217; by Alexei Gordin at Hobusepea Gallery, Echo Gone Wrong, 19.12.2024<\/a><br \/>\n<a href=\"https:\/\/kultuur.postimees.ee\/8152581\/arvustus-mitte-terav-ja-kuuniline-vaid-poeetiline-gordin\">ARVUSTUS \u27e9 Mitte terav ja k\u00fc\u00fcniline, vaid poeetiline Gordin, Postimees, 12.12.2024<\/a><br \/>\n<a href=\"https:\/\/kultuur.err.ee\/1609537567\/pildid-hobusepea-galeriis-avati-alexei-gordini-naitus-voimud-ja-vaimud\">Pildid: Hobusepea galeriis avati Alexei Gordini n\u00e4itus &#8220;V\u00f5imud ja vaimud&#8221;, kultuur.err.ee, 30.11.204<\/a><br \/>\n<a href=\"https:\/\/jupiterpluss.err.ee\/1609539205\/vystavka-hudozhnika-alekseja-gordina-prizraki-i-vlasti\">\u041a\u043e\u0444\u0435+: \u0412\u044b\u0441\u0442\u0430\u0432\u043a\u0430 \u0445\u0443\u0434\u043e\u0436\u043d\u0438\u043a\u0430 \u0410\u043b\u0435\u043a\u0441\u0435\u044f \u0413\u043e\u0440\u0434\u0438\u043d\u0430 &#8220;\u041f\u0440\u0438\u0437\u0440\u0430\u043a\u0438 \u0438 \u0412\u043b\u0430\u0441\u0442\u0438&#8221;, \u041a\u043e\u0444\u0435+, 02.12.2024<\/a><br \/>\n<a href=\"https:\/\/klassikaraadio.err.ee\/1609523561\/kunstiministeerium\">Kunstiministeerium. Arhitektuurne ja monumentaalne, Kunstiministeerium, Klassikaraadio, 30.11.2024<\/a><br \/>\n<a href=\"https:\/\/rus.err.ee\/1609537216\/aktualnaja-kamera-29-11-2024-20-00\">&#8220;\u0410\u043a\u0442\u0443\u0430\u043b\u044c\u043d\u0430\u044f \u043a\u0430\u043c\u0435\u0440\u0430&#8221; 29.11.2024 (20:00), ETV +, 29.11.2024<\/a><br \/>\n<a href=\"https:\/\/echogonewrong.com\/photo-reportage-from-the-exhibition-talks-with-a-tiger-by-killu-sukmit-at-draakon-gallery\/\">Photo reportage from the exhibition &#8216;Talks with a Tiger&#8217; by Killu Sukmit at Draakon Gallery, Echo Gone Wrong, 26.11.2024<\/a><br \/>\n<a href=\"https:\/\/sirp.ee\/s1-artiklid\/c6-kunst\/kesse-laulab-toost\/\">Kesse laulab t\u00f6\u00f6st?, Sirp, 22.11.2024, Keiu Krikmann<\/a><br \/>\n<a href=\"https:\/\/echogonewrong.com\/photo-reportage-from-the-exhibition-menopausal-lido-by-kadi-estland-at-the-hobusepea-gallery\/\">Photo reportage from the exhibition &#8216;Menopausal Lido&#8217; by Kadi Estland at the Hobusepea Gallery, Echo Gone Wrong, 26.11.2024<\/a><br \/>\n<a href=\"https:\/\/feministeerium.ee\/kadi-estland-toidame-sind-50-sendiga-iseendiga-klaasist-laual-massihauad\/\">Kadi Estland: \u201eToidame sind 50 sendiga iseendiga klaasist laual massihauad\u201c, Feministeerium.ee, 23.11.2024<\/a><br \/>\n<a href=\"https:\/\/www.sirp.ee\/s1-artiklid\/c6-kunst\/mis-varvi-on-misoguunia\/\">Mis v\u00e4rvi on misog\u00fc\u00fcnia?, Sirp, 22.11.2024<\/a><br \/>\n<a href=\"https:\/\/echogonewrong.com\/photo-reportage-from-the-exhibition-fragmented-unity-by-laivi-suurvali-at-draakon-gallery\/\">Photo reportage from the exhibition \u2018Fragmented Unity\u2019 by Laivi Suurv\u00e4li at Draakon Gallery, Echo Gone Wrong, 16.10.2024<\/a><br \/>\n<a href=\"https:\/\/www.sirp.ee\/s1-artiklid\/c6-kunst\/jalutuskaik-tihedas-udus\/\">Jalutusk\u00e4ik tihedas udus, Sirp, 11.10.2024, Olivia Soans<\/a><br \/>\n<a href=\"https:\/\/echogonewrong.com\/photo-reportage-from-the-exhibition-the-sum-of-the-words-that-accumulate-within-us-by-laurianne-bixhain-krista-molder-at-hobusepea-gallery\/\">Photo reportage from the exhibition &#8216;The Sum of the Words That Accumulate Within Us&#8217; by Laurianne Bixhain &amp; Krista M\u00f6lder at the Hobusepea Gallery, Echo Gone Wrong, 22.10.2024<\/a><br \/>\n<a href=\"https:\/\/kultuur.err.ee\/1609464613\/arvustus-vasimusest-raakivad-materjalid\">Arvustus. V\u00e4simusest r\u00e4\u00e4kivad materjalid, kultuur.err.ee, 19.09.2024, Liisa-Lota J\u00f5eleht<\/a><br \/>\n<a href=\"https:\/\/www.sirp.ee\/s1-artiklid\/c6-kunst\/iseduse-dramaturgia-vasinud-hingedele\/\">Iseduse dramaturgia v\u00e4sinud hingedele, Sirp, 20.09.2024, Anita Kodanik<\/a><br \/>\n<a href=\"https:\/\/kultuur.err.ee\/1609444331\/galerii-loora-kaubi-avas-draakoni-galeriis-isikunaituse\">Galerii: Loora Kaubi avas Draakoni galeriis isikun\u00e4ituse, kultuur.err.ee, 05.09.2024<\/a><br \/>\n<a href=\"https:\/\/kultuur.err.ee\/1609471525\/arvustus-batuudid-vabaduses\">Arvustus. Batuudid vabaduses, kultuur.err.ee, 26.2024, Maarin M\u00fcrk<\/a><br \/>\n<a href=\"https:\/\/echogonewrong.com\/photo-reportage-from-the-the-posts-of-the-safety-net-bent-from-flying-into-the-apple-tree-are-leftover-by-mathias-vaarsi-joosep-kivimae-at-the-hobusepea-gallery\/\">Photo reportage from the &#8216;The Posts of the Safety Net Bent from Flying into the Apple Tree Are Leftover&#8217; by Mathias V\u00e4\u00e4rsi &amp; Joosep Kivim\u00e4e at the Hobusepea Gallery, Echo Gone Wrong, 25.09.2024<\/a><br \/>\n<a href=\"https:\/\/www.sirp.ee\/s1-artiklid\/c6-kunst\/kas-usuhupe\/\">Kas usuh\u00fcpe?, Sirp, 20.09.2024, Juhan Raud<\/a><br \/>\n<a href=\"https:\/\/www.ofluxo.net\/house-of-healing-hearts-of-heaven-sibylle-eimermacher-incl-objects-in-collaboration-with-iwan-boverhof-draakon-gallery-tallinn\/\">House of Healing Hearts of Heaven, Ofluxo, 09.09.2024<\/a><br \/>\n<a href=\"https:\/\/saliva.live\/exhibitions\/100a2e8b\">House of Healing Hearts of Heaven, Saliva.live, 23.08.2024<\/a><br \/>\n<a href=\"https:\/\/echogonewrong.com\/photo-reportage-from-the-exhibition-it-never-gets-old-by-mia-tamme-delphine-lejeune-at-the-hobusepea-gallery\/\">Photo reportage from the exhibition &#8216;It Never Gets Old&#8217; by Mia Tamme &amp; Delphine Lejeune at the Hobusepea gallery, 29.08.2024<\/a><br \/>\n<a href=\"https:\/\/echogonewrong.com\/photo-reportage-from-the-exhibition-inspirations-by-matti-park-at-the-draakon-gallery\/\">Photo reportage from the exhibition &#8216;Inspirations&#8217; by Matti P\u00e4rk at the Draakon gallery, Echo Gone Wrong, 29.07.2024<\/a><br \/>\n<a href=\"https:\/\/echogonewrong.com\/photo-reportage-from-the-exhibition-empty-calories-by-samuel-lehikoinen-at-the-hobusepea-gallery\/\">Photo reportage from the exhibition &#8216;Empty Calories&#8217; by Samuel Lehikoinen at the Hobusepea Gallery, Echo Gone Wrong, 29.07.2024<\/a><br \/>\n<a href=\"https:\/\/kultuur.err.ee\/1609394041\/galerii-eka-noore-kunstniku-preemia-laureaat-samuel-lehikoinen-avas-isikunaituse\">Galerii: EKA noore kunstniku preemia laureaat Samuel Lehikoinen avas isikun\u00e4ituse, kultuur.err.ee, 11.07.2024<\/a><br \/>\n<a href=\"https:\/\/echogonewrong.com\/photo-reportage-from-the-exhibition-i-create-what-i-see-abacadabra-by-liisi-eelmaa-at-the-draakon-gallery\/\">Photo reportage from the exhibition &#8216;I Create What I See \u2013 ABACADABRA; by Liisi Eelmaa at the Draakon gallery, Echo Gone Wring, 05.07.2024<\/a><br \/>\n<a href=\"https:\/\/kultuur.err.ee\/1609369424\/pildid-draakoni-galeriis-on-avatud-liisi-eelmaa-uus-isikunaitus\">Pildid: Draakoni galeriis on avatud Liisi Eelmaa uus isikun\u00e4itus, kultuur.err.ee, 12.06.2024<\/a><br \/>\nJass Kaselaane &#8220;Isa ja poeg&#8221; Hobusepea galeriis, Kunst.ee, 03\/2024, Juta Kivim\u00e4e<br \/>\n<a href=\"https:\/\/echogonewrong.com\/photo-reportage-from-the-exhibition-father-and-son-by-jass-kaselaan-at-the-hobusepea-gallery\/\">Photo reportage from the exhibition &#8216;Father and Son&#8217; by Jass Kaselaan at the Hobusepea gallery, Echo Gone Wrong, 04.07.2024<\/a><br \/>\n<a href=\"https:\/\/kultuur.err.ee\/1609378319\/jass-kaselaan-avaliku-ruumi-kunst-on-eestis-endiselt-tundlik-teema\">Jass Kaselaan: avaliku ruumi kunst on Eestis endiselt tundlik teema, kultuur.err.ee, 23.06.2024<\/a><br \/>\n<a href=\"https:\/\/kultuur.err.ee\/1609369826\/pildid-jass-kaselaan-avas-hobusepea-galeriis-isikunaituse-isa-ja-poeg\">Pildid: Jass Kaselaan avas Hobusepea galeriis isikun\u00e4ituse &#8220;Isa ja poeg&#8221;, kultuur.err.ee, 13.06.2024<\/a><br \/>\n<a href=\"https:\/\/echogonewrong.com\/photo-reportage-from-the-exhibition-guiding-threads-by-johanna-ulfsak-at-the-draakon-gallery\/\">Photo reportage from the exhibition &#8216;Guiding Threads&#8217; by Johanna Ulfsak at the Draakon gallery, Echo Gone Wrong, 10.06.2024<\/a><br \/>\n<a href=\"https:\/\/kultuur.err.ee\/1609353513\/johannes-luik-on-tahtis-kusida-mis-teeb-objektist-kunstobjekti\">Johannes Luik: on t\u00e4htis k\u00fcsida, mis teeb objektist kunstobjekti, kultuur.err.ee, 27.05.2024<\/a><br \/>\n<a href=\"https:\/\/klassikaraadio.err.ee\/1609339967\/kunstiministeerium-lopetamised-ja-meelespea\">Kunstiministeerium: L\u00f5petamised ja Meelespea, Klassikaraadio, 25.05.2024<\/a><br \/>\n<a href=\"https:\/\/kultuur.err.ee\/1609344528\/galerii-johannes-luige-isikunaitus-tegeleb-ruumi-maluga\">Galerii: Johannes Luige isikun\u00e4itus tegeleb ruumi m\u00e4luga, kultuur.err.ee, 16.05.2024<\/a><br \/>\n<a href=\"https:\/\/sirp.ee\/s1-artiklid\/c6-kunst\/raagi-mulle-kuidas-sa-end-tunned-aga-ara-utle-seda-liiga-karmilt-muidu-ma-ei-kuule-sind\/\">R\u00e4\u00e4gi mulle, kuidas sa end tunned, aga \u00e4ra \u00fctle seda liiga karmilt, muidu ma ei kuule sind, Sirp, 10.05.2024, Sveta Grigorjeva<\/a><br \/>\n<a href=\"https:\/\/echogonewrong.com\/photo-reportage-from-the-exhibition-listen-to-my-scream-hear-their-dreams-by-maria-kapajeva-at-the-draakon-gallery\/\">Photo reportage from the exhibition &#8216;Listen To My Scream, Hear Their Dreams&#8217; by Maria Kapajeva at the Draakon gallery, Echo Gone Wrong, 08.05.204<\/a><br \/>\n<a href=\"https:\/\/kultuur.err.ee\/1609316619\/pildid-draakoni-galerii-uus-naitus-pakub-platvormi-ukraina-pogenike-lugudele\">Pildid: Draakoni galerii uus n\u00e4itus pakub platvormi Ukraina p\u00f5genike lugudele, kultuur.err.ee, 18.04.2024<\/a><br \/>\n<a href=\"https:\/\/www.sirp.ee\/s1-artiklid\/c6-kunst\/hargnev-sisikond-kui-uute-omailmade-astenduv-pungumine\/\">Hargnev sisikond kui uute omailmade astenduv pungumine, Sirp, 24.05.2024, Peeter Laurits<\/a><br \/>\n<a href=\"https:\/\/kultuur.err.ee\/1609316247\/galerii-brenda-purtsak-ja-lisette-lepik-avasid-hobusepea-galeriis-uhisnaituse\">Galerii: Brenda Purtsak ja Lisette Lepik avasid Hobusepea galeriis \u00fchisn\u00e4ituse, kultuur.err.ee, 17.04.2024<\/a><br \/>\n<a href=\"https:\/\/www.sirp.ee\/s1-artiklid\/c6-kunst\/sinine-tablett-voi-punane-tablett\/\">Sinine tablett v\u00f5i punane tablett?, Sirp, 12.04.2024, Andrus Laansalu<\/a><br \/>\n<a href=\"https:\/\/kultuur.err.ee\/1609288632\/galerii-ivar-veermae-isikunaituse-avamine-draakon-galeriis\">Ivar Veerm\u00e4e isikun\u00e4itus pakub lahendusi kliimakriisile, kultuur.err.ee, 25.03.2024<\/a><br \/>\n<a href=\"https:\/\/kultuur.err.ee\/1609288632\/galerii-ivar-veermae-isikunaituse-avamine-draakon-galeriis\">Galerii: Ivar Veerm\u00e4e isikun\u00e4ituse avamine Draakon galeriis, kultuur.err.ee, 21.03.2024<\/a><br \/>\n<a href=\"https:\/\/echogonewrong.com\/photo-reportage-from-the-exhibition-box-seats-ridadevaheline-by-laura-de-jaeger-at-the-hobusepea-gallery\/\">Photo reportage from the exhibition &#8216;Box Seats. Ridadevaheline&#8217; by Laura De Jaeger at the Hobusepea Gallery, Echo Gone Wrong, 03.04.2024<\/a><br \/>\n<a href=\"https:\/\/kultuur.err.ee\/1609290714\/galerii-laura-de-jaegeri-isikunaitusel-konelesid-moodunud-naituste-jaljed\">Galerii: Laura De Jaegeri isikun\u00e4itusel k\u00f5nelesid m\u00f6\u00f6dunud n\u00e4ituste j\u00e4ljed, kultuur.err.ee, 22.03.2024<\/a><br \/>\n<a href=\"https:\/\/echogonewrong.com\/photo-reportage-from-the-exhibition-i-n-t-e-r-m-e-z-z-o-images-and-transformations-by-andres-tali-at-the-draakon-gallery\/\">Photo reportage from the exhibition &#8216;i n t e r m e z z o. images and transformations&#8217; by Andres Tali at the Draakon Gallery, Echo Gone Wrong, 18.03.2024<\/a><br \/>\n<a href=\"https:\/\/kultuur.postimees.ee\/7964226\/intervjuu-murdunud-olavarreluust-kasvas-naituse-jaoks-veel-kasugi\">INTERVJUU \u27e9 Murdunud \u00f5lavarreluust kasvas n\u00e4ituse jaoks veel kasugi, Postimees, 21.02.2024<\/a><br \/>\n<a href=\"https:\/\/echogonewrong.com\/grisli-soppe-kahars-solo-exhibition-mothers-world-at-the-hobusepea-gallery\/\">Grisli Soppe-Kahar&#8217;s solo exhibition &#8216;Mother\u2019s World&#8217; at the Hobusepea Gallery, Echo Gone Wrong, 18.03.2024<\/a><br \/>\n<a href=\"https:\/\/kultuur.err.ee\/1609260534\/galerii-grisli-soppe-kahari-uus-naitus-raagib-emaks-olemise-kogemustest\">Galerii: Grisli Soppe-Kahari uus n\u00e4itus r\u00e4\u00e4gib emaks olemise kogemustest, kultuur.err.ee, 22.02.2024<\/a><br \/>\n<a href=\"https:\/\/kultuur.postimees.ee\/7959400\/arvustus-baltikumi-kunstnikud-iidse-jumalannakultusega-tott-vaatamas\">ARVUSTUS \u27e9 Baltikumi kunstnikud iidse jumalannakultusega t\u00f5tt vaatamas, Postimees, 14.02.2024, Mari-Liis Krautmann<\/a><br \/>\n<a href=\"https:\/\/saliva.live\/exhibitions\/8532d2f1\">Exhibition Swirling, Twirling, Spinning, Saliva.live, 11.02.2024<\/a><br \/>\n<a href=\"https:\/\/echogonewrong.com\/photo-reportage-from-the-exhibition-swirling-twirling-spinning-at-the-draakon-gallery\/\">Photo reportage from the exhibition &#8216;Swirling, Twirling, Spinning&#8217; at the Draakon Gallery, Echo Gone Wrong, 09.02.2024<\/a><br \/>\n<a href=\"https:\/\/sirp.ee\/s1-artiklid\/c6-kunst\/jumalanna-draakon\/\">Jumalanna draakon, Sirp, 09.02.2014, Hasso Krull<\/a><br \/>\n<a href=\"https:\/\/kultuur.err.ee\/1609231920\/galerii-draakoni-galeriis-avati-grupinaitus-tiireldes-keereldes-pooreldes\">Galerii: Draakoni galeriis avati grupin\u00e4itus &#8220;Tiireldes, keereldes, p\u00f6\u00f6reldes&#8221;, kultuur.err.ee, 25.01.2024<\/a><br \/>\n<a href=\"https:\/\/echogonewrong.com\/photo-reportage-from-the-exhibition-from-the-depths-of-the-infinite-ocean-by-mirjam-hinn-at-the-hobusepea-gallery\/\">Photo reportage from the exhibition &#8216;From the Depths of the Infinite Ocean&#8217; by Mirjam Hinn at the Hobusepea gallery, Echo Gone Wrong, 09.02.2024<\/a><br \/>\n<a href=\"https:\/\/kultuur.err.ee\/1609232793\/galerii-mirjam-hinni-uus-naitus-uurib-tanases-uhiskonnas-inimeseks-olemist\">Galerii: Mirjam Hinni uus n\u00e4itus uurib t\u00e4nases \u00fchiskonnas inimeseks olemist, kultuur.err.ee, 25.01.2023<\/a><br \/>\n<a href=\"https:\/\/echogonewrong.com\/photo-reportage-from-the-exhibition-on-the-edge-of-a-disappearing-landscape-by-lilli-kroot-repnau-at-the-draakon-gallery\/\">Photo reportage from the exhibition &#8216;On The Edge of A Disappearing Landscape&#8217; by Lilli-Kr\u00f5\u00f5t Repnau at the Draakon gallery, Echo Gone Wrong, 09.01.2024<\/a><br \/>\n<a href=\"https:\/\/echogonewrong.com\/it-will-take-approximately-25-minutes-to-experience-this-exhibition-we-apologize-for-any-inconvenience-by-sten-saarits-at-the-hobusepea-gallery\/\">&#8216;It will take approximately 25 minutes to experience this exhibition, we apologize for any inconvenience&#8217; by Sten Saarits at the Hobusepea gallery, Echo Gone Wrong, 19.01.2024<\/a><\/p>\n<h2>2023<\/h2>\n<p><a href=\"https:\/\/kultuur.err.ee\/1609180321\/pildid-draakoni-galeriis-avati-mari-roosvalti-isikunaitus\">Pildid: Draakoni galeriis avati Mari Roosvalti isikun\u00e4itus, kultuur.err.ee, 30.11.2023<\/a><br \/>\n<a href=\"https:\/\/www.sirp.ee\/s1-artiklid\/c6-kunst\/ist-es-origami-es-ist-origami\/\">Ist es Origami? Es ist Origami!*, Sirp, 08.12.2023<\/a><br \/>\n<a href=\"https:\/\/kultuur.err.ee\/1609180336\/galerii-hobusepea-galeriis-avati-art-allmagi-ja-katrin-piile-uhisnaitus-origami\">Galerii: Hobusepea galeriis avati Art Allm\u00e4gi ja Katrin Piile \u00fchisn\u00e4itus &#8220;Origami&#8221;, kultuur.err.ee, 30.11.2023<\/a><br \/>\n<a href=\"https:\/\/www.sirp.ee\/s1-artiklid\/c6-kunst\/kusagil-struktuurides-on-kallutatud-joud\/\">Kusagil struktuurides on kallutatud j\u00f5ud, Sirp, 22.12.2023, Triinu Soikmets<\/a><br \/>\n<a href=\"https:\/\/mailchi.mp\/foku\/kuukiri-17?fbclid=IwAR0bSoRHPHZ1hKnR1vcv6UtLz0YllFHnGdekU7Hb9nSPeiV5VJH1XkjsZvw\">Eesti Fotokunstnike \u00dchenduse kuukiri, nr 17 \/ November 2023<\/a><br \/>\n<a href=\"https:\/\/echogonewrong.com\/photo-reportage-from-paul-kuimets-exhibition-crystal-grid-at-draakon-gallery-tallinn-photomonth-satellite-programme\/\">Photo reportage from Paul Kuimet\u2019s exhibition \u2018Crystal Grid\u2019 at Draakon gallery, Tallinn Photomonth satellite programme, Echo Gone Wrong, 16.11.2023<\/a><br \/>\n<a href=\"https:\/\/kultuur.err.ee\/1609153426\/pildid-draakoni-galeriis-avati-paul-kuimeti-isikunaitus\">Pildid: Draakoni galeriis avati Paul Kuimeti isikun\u00e4itus, kultuur.err.ee, 03.11.2023<\/a><br \/>\n<a href=\"https:\/\/echogonewrong.com\/photo-reportage-from-the-exhibition-what-colour-is-the-sky-above-the-port-today-at-the-hobusepea-gallery\/\">Photo reportage from the exhibition &#8216;What Colour Is the Sky Above the Port Today?&#8217; at the Hobusepea gallery, Echo Gone Wrong, 16.11.2023<\/a><br \/>\n<a href=\"https:\/\/kultuur.err.ee\/1609153453\/pildid-hobusepea-galeriis-avati-noorte-fotokunstnike-uhisnaitus\">Pildid: Hobusepea galeriis avati noorte fotokunstnike \u00fchisn\u00e4itus, kultuur.err.ee, 03.11.2023<\/a><br \/>\n<a href=\"https:\/\/vikerraadio.err.ee\/1609137524\/kultuuriuudised\">Kultuuriuudised (\u201eMis v\u00e4rvi on t\u00e4na taevas sadama kohal?\u201c), Vikerraadio, 01.11.2023<\/a><br \/>\n<a href=\"https:\/\/echogonewrong.com\/photo-reportage-form-the-exhibition-and-after-by-tuukka-kaila-at-draakon-gallery\/\">Photo reportage form the exhibition &#8216;And After&#8217; by Tuukka Kaila at Draakon Gallery, Echo Gone Wrong, 26.10.2023<\/a><br \/>\nGalerii: Draakoni galeriis avati Tuukka Kaila isikun\u00e4itus &#8220;Ja p\u00e4rast&#8221;, kultuur.errr.ee, 06.10.2023<br \/>\n<a href=\"https:\/\/echogonewrong.com\/photo-reportage-from-the-exhibition-youve-been-in-my-mind-by-chun-au-yeung-at-hobusepea-gallery\/\">Photo reportage from the exhibition &#8216;You\u2019ve Been in My Mind&#8217; by Chun Au Yeung at Hobusepea Gallery, Echo Gone Wrong, 26.10.2023<\/a><br \/>\n<a href=\"https:\/\/kultuur.err.ee\/1609124237\/galerii-hobusepea-galeriis-avati-chun-au-yeung-naitus-oled-mul-motteis\">Galerii: Hobusepea galeriis avati Chun Au Yeung n\u00e4itus &#8220;Oled mul m\u00f5tteis&#8221;, kultuur.err.ee, 06.10.2023<\/a><br \/>\n<a href=\"https:\/\/echogonewrong.com\/photo-reportage-from-the-exhibition-wake-me-up-when-its-all-over-by-kelli-gedvil-kristen-rastas-at-draakon-gallery\/\">Photo reportage from the exhibition &#8216;Wake Me Up When It\u2019s All Over&#8217; by Kelli Gedvil &amp; Kristen R\u00e4stas at Draakon Gallery, Echo Gone Wrong, 26.09.2023<\/a><br \/>\n<a href=\"https:\/\/jupiter.err.ee\/1609093139\/op\">OP 7. hooaeg, 167. Osa, 21.09.2023 (Kristen R\u00e4stas)<\/a><br \/>\n<a href=\"https:\/\/kultuur.err.ee\/1609092158\/galerii-kelli-gedvil-ja-kristen-rastas-avasid-draakoni-galeriis-uhisnaituse\">Galerii: Kelli Gedvil ja Kristen R\u00e4stas avasid Draakoni galeriis \u00fchisn\u00e4ituse, kultuur.err.ee, 07.09.2023<\/a><br \/>\n<a href=\"https:\/\/echogonewrong.com\/photo-reportage-from-the-exhibition-meadows-of-change-a-place-called-home-by-keiu-maasik-at-hobusepea-gallery\/\">Photo reportage from the exhibition &#8216;Meadows of Change, A Place Called Home&#8217; by Keiu Maasik at Hobusepea gallery, Echo Gone Wrong, 29.09.2023<\/a><br \/>\n<a href=\"https:\/\/kultuur.err.ee\/1609092305\/pildid-hobusepea-galeriis-avati-keiu-maasiku-videomangudest-inspireeritud-naitus\">Pildid: Hobusepea galeriis avati Keiu Maasiku videom\u00e4ngudest inspireeritud n\u00e4itus, kultuur.err.ee, 07.09.2023<\/a><br \/>\n<a href=\"https:\/\/echogonewrong.com\/photo-reportage-from-the-exhibition-where-is-your-red-line-by-edgar-tedresaar-at-draakon-gallery\/\">Photo reportage from the exhibition &#8216;Where Is Your Red Line?&#8217; by Edgar Tedresaar at Draakon gallery, Echo Gone Wrong, 30.08.2023<\/a><br \/>\n<a href=\"https:\/\/epl.delfi.ee\/artikkel\/120226831\/vagivallast-korini-maalikunstnik-edgar-tedresaar-kusib-kus-on-sinu-punane-joon\">V\u00e4givallast k\u00f5rini! Maalikunstnik Edgar Tedresaar k\u00fcsib, kus on sinu punane joon, Eesti P\u00e4evaleht, Eesti Eso Podcast 95#, 25.08.2023<\/a><br \/>\n<a href=\"https:\/\/kultuur.err.ee\/1609073459\/arvustus-illusioon-punasest-joonest\">Arvustus. Illusioon punasest joonest, kultuur.err.ee, 23.08.2023<\/a><br \/>\n<a href=\"https:\/\/www.sirp.ee\/s1-artiklid\/c6-kunst\/galeriikaik-august-naituseelamused-keldrist-villani\/\">Galeriik\u00e4ik. August. N\u00e4ituseelamused keldrist villani, Sirp, 08.09.2023 Johanna Jolen Kuzmenko<\/a><br \/>\n<a href=\"https:\/\/echogonewrong.com\/photo-reportage-from-the-exhibition-exhibition-like-a-windless-cloud-at-hobusepea-gallery\/\">Photo reportage from the exhibition exhibition &#8216;Like a Windless Cloud&#8217; at Hobusepea Gallery, Echo Gone Wrong, 30.08.2023<\/a><br \/>\n<a href=\"https:\/\/kultuur.err.ee\/1609031399\/maria-lapteva-sidljarevits-avas-naituse-mis-sai-sellest-armsast-tudrukust\">Maria Lapteva Sidljarevit\u0161 avas n\u00e4ituse &#8220;Mis sai sellest armsast t\u00fcdrukust?&#8221;, kultuur.err.ee, 11.07.2023<\/a><br \/>\n<a href=\"https:\/\/echogonewrong.com\/photo-reportage-from-the-exhibition-etudes-for-blue-red-and-brown-at-hobusepea-gallery\/\">Photo reportage from the exhibition &#8216;Etudes For Blue, Red And Brown&#8217; at Hobusepea Gallery, Echo Gone Wrong, 07.08.2023<\/a><br \/>\n<a href=\"https:\/\/kultuur.postimees.ee\/7826122\/arvustus-kooli-kokkutulek-hobusepea-galeriis\">ARVUSTUS \u27e9 Kooli kokkutulek Hobusepea galeriis, kultuur.postimees.ee, 01.08.2023, Johanna-Jolen Kuzmenko<\/a><br \/>\n<a href=\"https:\/\/kultuur.err.ee\/1609032869\/hobusepea-galeriis-avati-naitus-etuudid-sinisele-punasele-ja-pruunile\">Hobusepea galeriis avati n\u00e4itus &#8220;Et\u00fc\u00fcdid sinisele, punasele ja pruunile&#8221;, kultuur.err.ee, 13.07.2023<\/a><br \/>\n<a href=\"https:\/\/echogonewrong.com\/photo-reportage-from-the-exhibition-salty-ember-normal-smoulder-at-draakon-gallery\/\">Photo reportage from the exhibition &#8216;salty ember normal smoulder&#8217; at Draakon gallery, Echo Gone Wrong, 10.07.2023<\/a><br \/>\n<a href=\"https:\/\/kultuur.err.ee\/1609010768\/pildid-draakoni-galeriis-avati-kolme-kunstniku-uhisnaitus-salty-ember-normal-smoulder\">Pildid: Draakoni galeriis avati kolme kunstniku \u00fchisn\u00e4itus &#8220;salty ember normal smoulder&#8221;, kultuur.err.ee, 18.06.2023<\/a><br \/>\n<a href=\"https:\/\/echogonewrong.com\/photo-reportage-from-the-exhibition-kingfisher-in-the-underworld-spectres-and-virtual-spaces-by-peeter-laurits-at-hobusepea-gallery\/\">Spaces&#8217; by Peeter Laurits at Hobusepea gallery, Echo Gone Wrong, 10.07.2023<\/a><br \/>\n<a href=\"https:\/\/kultuur.postimees.ee\/7796261\/kindel-laks-faust-saaremaal-laurits-allilmas\">KINDEL LAKS \u27e9 Faust Saaremaal, Laurits allilmas, kultuur.postimees.ee, 17.06.2023, Hendrik Alla<\/a><br \/>\n<a href=\"https:\/\/kultuur.err.ee\/1609007357\/galerii-hobusepea-galeriis-naeb-peeter-lauritsa-naitust-jaalinnust-allilmas\">Galerii: Hobusepea galeriis n\u00e4eb Peeter Lauritsa n\u00e4itust j\u00e4\u00e4linnust allilmas, kultuur.err.ee, 14.06.2023<\/a><br \/>\n<a href=\"https:\/\/eestinaine.delfi.ee\/artikkel\/120192782\/fotod-peeter-lauritsa-uuel-naitusel-harjutab-jaalind-allilmas-kosmilist-tantsu\">FOTOD | Peeter Lauritsa uuel n\u00e4itusel harjutab j\u00e4\u00e4lind allilmas kosmilist tantsu, eestinaine.delfi.ee, 27.05.2023<\/a><br \/>\n<a href=\"https:\/\/kultuur.err.ee\/1608968917\/galerii-draakoni-galeriis-avati-roman-sten-tonissoo-ja-ellen-vene-uhisnaitus\">Galerii: Draakoni galeriis avati Roman-Sten T\u00f5nissoo ja Ellen Vene \u00fchisn\u00e4itus, kultuur.err.ee, 05.05.2023<\/a><br \/>\n<a href=\"https:\/\/echogonewrong.com\/photo-reportage-from-the-exhibition-tanel-veenre\/\">Photo reportage from the exhibition &#8216;EX POST&#8217; by Tanel Veenre at Draakon gallery, Echo Gone Wrong, 03.05.2023<\/a><br \/>\n<a href=\"https:\/\/www.ohtuleht.ee\/elu\/1083272\/galerii-tanel-veenre-avas-vaga-erilise-naituse-uheaegselt-kahes-vanalinna-galeriis\">GALERII | Tanel Veenre avas v\u00e4ga erilise n\u00e4ituse \u00fcheaegselt kahes vanalinna galeriis, ohtuleht.ee, 11.06.2023<\/a><br \/>\n<a href=\"https:\/\/echogonewrong.com\/photo-reportage-from-the-exhibition-exopoiesis-by-kadri-liis-raak-at-the-hobusepea-gallery\/\">Photo reportage from the exhibition &#8216;Exopoiesis&#8217; by Kadri Liis R\u00e4\u00e4k at the Hobusepea gallery, Echo Gone Wrong, 03.05.2023<\/a><br \/>\n<a href=\"https:\/\/arhiiv.err.ee\/audio\/vaata\/uudised-hobusepea-galeriis-avatakse-kadri-liis-raaki-isikunaitus\">UUDISED. Hobusepea galeriis avatakse Kadri Liis R\u00e4\u00e4ki isikun\u00e4itus, ERR kultuuriuudised, 05.04.2023<\/a><br \/>\n<a href=\"https:\/\/kubaparis.com\/submission\/302819\">Maria Izabella Lehtsaar and Sarah N\u00f5mm BEAUTY IN THE BELLY OF THE BEAST, 30.03.2023, kubaparis.com<\/a><br \/>\n<a href=\"https:\/\/echogonewrong.com\/photo-reportage-from-the-exhibition-beauty-in-the-belly-of-the-beast-by-maria-izabella-lehtsaar-sarah-nomm-at-draakon-gallery\/\">Photo reportage from the exhibition &#8216;Beauty in the Belly of the Beast&#8217; by Maria Izabella Lehtsaar &amp; Sarah N\u00f5mm at Draakon Gallery, Echo Gone Wrong, 27.03.2023<\/a><br \/>\n\u201c\u041a\u0440\u0430\u0441\u0430\u0432\u0438\u0446\u0430, \u043a\u043e\u0442\u043e\u0440\u0443\u044e \u0441\u044a\u0435\u043b\u043e \u0447\u0443\u0434\u043e\u0432\u0438\u0449\u0435\u201d: \u043f\u043e\u043b\u0438\u0433\u0430\u043c\u0438\u044f \u0442\u0432\u043e\u0440\u0447\u0435\u0441\u043a\u0438\u0445 \u043e\u0442\u043d\u043e\u0448\u0435\u043d\u0438\u0439, <a href=\"https:\/\/feministeerium.ee\/ru\/%D0%BA%D1%80%D0%B0%D1%81%D0%B0%D0%B2%D0%B8%D1%86%D0%B0-%D0%BA%D0%BE%D1%82%D0%BE%D1%80%D1%83%D1%8E-%D1%81%D1%8A%D0%B5%D0%BB%D0%BE-%D1%87%D1%83%D0%B4%D0%BE%D0%B2%D0%B8%D1%89%D0%B5\/\">Feministeerium, 25.03.2023, \u042f\u043d\u0430 \u041b\u0435\u0432\u0438\u0442\u0438\u043d\u0430<\/a><br \/>\n<a href=\"https:\/\/sirp.ee\/s1-artiklid\/c6-kunst\/ambivalentne-magamistuba\/\">Ambivalentne magamistuba, Sirp, 24.03.2023, Johanna Jolen Kuzmenko<\/a><br \/>\n<a href=\"https:\/\/www.idaidaida.net\/et\/jarelkuulamine\/vitamiin-k-2023-03-20\">Vitamiin K, 20.03.2023, Siim Preiman intervjueerib Brgiti Aropit<\/a><br \/>\n<a href=\"https:\/\/ekspress.delfi.ee\/artikkel\/120156762\/reportaaz-koletis-otsimas-kaasuurnikke-halvasti-kaituvad-printsessid-teretulnud\">REPORTAA\u017d | Koletis otsimas kaas\u00fc\u00fcrnikke, halvasti k\u00e4ituvad printsessid teretulnud, Areen, 15.03.2023, Anne Vetik<\/a><br \/>\n<a href=\"https:\/\/kultuur.err.ee\/1608909272\/galerii-draakoni-galeriis-avati-maria-izabella-lehtsaare-ja-sarah-nomme-uhisnaitus\">Maria Izabella Lehtsaar ja Sarah N\u00f5mm vaatlevad Draakoni galeriis intiimsuse vastuolusid, Postimees.ee, 07.03.2023<\/a><br \/>\n<a href=\"https:\/\/echogonewrong.com\/photo-reportage-from-the-exhibition-selected-by-valeri-vinogradov-at-the-hobusepea-gallery\/\">Photo reportage from the exhibition &#8216;Selected&#8217; by Valeri Vinogradov at the Hobusepea gallery, Echo Gone Wrong, 27.03.2023<\/a><br \/>\n<a href=\"https:\/\/kultuur.postimees.ee\/7726632\/hobusepea-galeriis-avatakse-valeri-vinogradovi-isiknaitus\">Hobusepea galeriis avatakse Valeri Vinogradovi isikn\u00e4itus, Postimees.ee, 08.03.2023<\/a><br \/>\n<a href=\"https:\/\/echogonewrong.com\/photo-reportage-from-the-exhibition-free-and-held-by-maret-sarapu-at-the-draakon-gallery\/\">Photo reportage from the exhibition &#8216;Free and Held&#8217; by Maret Sarapu at the Draakon gallery, Echo Gone Wrong, 24.02.2023<\/a><br \/>\n<a href=\"https:\/\/kultuur.err.ee\/1608877568\/galerii-maret-sarapu-avas-draakoni-galeriis-isiknaituse-vaba-ja-hoitud\">Galerii. Maret Sarapu avas Draakoni galeriis isikn\u00e4ituse &#8220;Vaba ja hoitud&#8221;, kultuur.err.ee, 08.02.2023<\/a><br \/>\n<a href=\"https:\/\/sirp.ee\/s1-artiklid\/c6-kunst\/veebruarikuu-kunstisaak\/\">Veebruarikuu kunstisaak, Sirp, 03.03.2023, Johanna Jolen Kuzmenko<\/a><br \/>\n<a href=\"https:\/\/echogonewrong.com\/photo-reportage-from-the-exhibition-garden-without-borders-by-solveig-lill-and-olev-kuma-in-hobusepea-gallery\/\">Photo reportage from the exhibition &#8216;Garden Without Borders&#8217; by Solveig Lill and Olev Kuma at Hobusepea gallery, Echo Gone Wrong, 24.02.2023<\/a><br \/>\n<a href=\"https:\/\/echogonewrong.com\/photo-reportage-from-the-exhibition-soft-touch-on-the-deckle-by-maria-erikson-at-the-draakon-gallery\/\">Photo reportage from the exhibition &#8216;Soft Touch on the Deckle&#8217; by Maria Erikson at the Draakon gallery, Echo Gone Wrong, 02.02.2023<\/a><br \/>\n<a href=\"https:\/\/virumaateataja.postimees.ee\/7700662\/kunstnik-ja-litokivi-talletavad-puudutusi\">Kunstnik ja litokivi talletavad puudutusi, virumaateataja.postimees.ee, 28.01.2023<\/a><br \/>\n<a href=\"https:\/\/www.sirp.ee\/s1-artiklid\/c6-kunst\/materiaalsuse-serval\/\">Materiaalsuse serval, Sirp, 27.01.2023, Lilli-Kr\u00f5\u00f5t Repnau<\/a><br \/>\n<a href=\"https:\/\/kultuur.err.ee\/1608847189\/galerii-maria-erikson-avas-isikunaituse-pehme-puudutus-aarel\">Galerii: Maria Erikson avas isikun\u00e4ituse &#8220;Pehme puudutus \u00e4\u00e4rel&#8221;, kultuur.err.ee, 12.01.2023<\/a><br \/>\n<a href=\"https:\/\/echogonewrong.com\/photo-reportage-from-the-exhibition-clue-whizzing-from-the-left-by-maria-kristiina-ulas-at-the-hobusepea-gallery\/\">Photo reportage from the exhibition &#8216;Clue whizzing from the left&#8217; by Maria-Kristiina Ulas at the Hobusepea gallery, Echo Gone Wrong, 02.02.2023<\/a><br \/>\n<a href=\"https:\/\/kultuur.err.ee\/1608847771\/pildid-hobusepea-galeriis-avati-maria-kristiina-ulase-isikunaitus-vihje-vihinal-vasakult\">Pildid: Hobusepea galeriis avati Maria-Kristiina Ulase isikun\u00e4itus &#8220;Vihje vihinal vasakult&#8221;, kultuur.err.ee, 12.01.2023<\/a><\/p>\n<h2>2022<\/h2>\n<p><a href=\"https:\/\/ekspress.delfi.ee\/artikkel\/120125478\/kunstnik-mida-hullem-on-armastuse-lopp-seda-parem-kunst-sellest-vorsub\">Kunstnik: mida hullem on armastuse l\u00f5pp, seda parem kunst sellest v\u00f5rsub, Areen, 11.01.2023<\/a><br \/>\n<a href=\"https:\/\/echogonewrong.com\/photo-reportage-from-the-exhibition-shadow-of-time-by-tarvo-varres-at-the-hobusepea-gallery\/\">Photo reportage from the exhibition &#8216;Shadow of Time&#8217; by Tarvo Varres at the Hobusepea gallery, echogonewrong.com, 09.01.2023<\/a><br \/>\n<a href=\"https:\/\/kultuur.postimees.ee\/7680600\/kunstnik-tarvo-varres-varjude-kaudu-naeb-paremini\">Kunstnik Tarvo Varres: varjude kaudu n\u00e4eb paremini, kultuur.postimees.ee, 29.12.2022<\/a><br \/>\n<a href=\"https:\/\/kultuur.err.ee\/1608823795\/galerii-hobusepea-galeriis-avati-tarvo-varrese-isikunaitus-aja-vari\">Galerii: Hobusepea galeriis avati Tarvo Varrese isikun\u00e4itus &#8220;Aja vari&#8221;, kultuur.err.ee, 17.12.2022<\/a><br \/>\n<a href=\"https:\/\/echogonewrong.com\/photo-reportage-from-the-exhibition-memento-vivere-by-lilian-mosolainen-at-the-draakon-gallery\/\">Photo reportage from the exhibition &#8216;Memento Vivere&#8217; by Lilian Mosolainen at the Draakon Gallery, Echo Gone Wrong, 09.12.2022<\/a><br \/>\n<a href=\"https:\/\/kultuur.err.ee\/1608794707\/pildid-draakoni-galeriis-avati-lilian-mosolaineni-naitus-memento-vivere\">Pildid: Draakoni galeriis avati Lilian Mosolaineni n\u00e4itus &#8220;Memento Vivere&#8221;, kultuur.err.ee, 20.11.2022<\/a><br \/>\n<a href=\"https:\/\/echogonewrong.com\/photo-reportage-from-the-exhibition-village-without-women-by-kaisa-eiche-and-kadi-estland-at-hobusepea-gallery\">Photo reportage from the exhibition &#8216;Village Without Women&#8217; by Kaisa Eiche and Kadi Estland at Hobusepea gallery, Echo Gone Wrong, 09.12.2022<\/a><br \/>\n<a href=\"https:\/\/feministeerium.ee\/detsembri-kultuurisoovitused-triphopi-saatel-talvitumine\/\">Detsembri kultuurisoovitused. Triphopi saatel talvitumine ja n\u00e4itused, mis viivad hirmust taass\u00fcnnini, Feministeerium, 02.12.2022<\/a><br \/>\n<a href=\"https:\/\/sirp.ee\/s1-artiklid\/c6-kunst\/paasta-mind\/\">P\u00e4\u00e4sta mind!, Sirp, 25.11, Sandra J\u00f5geva<\/a><br \/>\n<a href=\"https:\/\/kultuur.err.ee\/1608791146\/galerii-kaisa-eiche-ja-kadi-estland-avasid-hobusepea-galeriis-isikunaituse-naisteta-kula\">Galerii: Kaisa Eiche ja Kadi Estland avasid Hobusepea galeriis isikun\u00e4ituse &#8220;Naisteta k\u00fcla&#8221;, kultuur.err.ee, 17.11.2022<\/a><br \/>\n<a href=\"https:\/\/echogonewrong.com\/photo-reportage-from-the-exhibition-fatamorgaana-fata-morgana-by-mihkel-maripuuat-draakon-gallery\/\">Photo reportage from the exhibition &#8216;FATAMORGAANA \/ FATA MORGANA&#8217; by Mihkel Maripuu at Draakon gallery, Echo Gone Wrong, 31.10.2022<\/a><br \/>\n<a href=\"https:\/\/kultuur.err.ee\/1608762085\/galerii-mihkel-maripuu-avas-isikunaituse-fatamorgaana\">Galerii: Mihkel Maripuu avas isikun\u00e4ituse &#8220;Fatamorgaana&#8221;, kultuur.err.ee, 23.10.2022<\/a><br \/>\n<a href=\"https:\/\/echogonewrong.com\/photo-reportage-from-the-exhibition-pressure-of-the-gaze-by-karolin-poska-at-hobusepea-gallery\/\">Photo reportage from the exhibition &#8216;Pressure of the Gaze&#8217; by Karolin Poska at Hobusepea Gallery, Echo Gone Wrong, 09.11.2022<\/a><br \/>\n<a href=\"https:\/\/kultuur.err.ee\/1608766753\/karolin-poska-oma-isikunaitusest-siin-on-pilkunihestavad-materjalid-uleval\">Karolin Poska oma isikun\u00e4itusest: siin on pilkunihestavad materjalid \u00fcleval, kultuur.err.ee, 26.10.2022<\/a><br \/>\n<a href=\"https:\/\/kultuur.err.ee\/1608757654\/galerii-karolin-poska-avas-isikunaituse-pilgu-surve\">Galerii: Karolin Poska avas isikun\u00e4ituse &#8220;Pilgu surve&#8221;, kultuur.err.ee, 20.10.2022<\/a><br \/>\n<a href=\"https:\/\/easttopics.online\/mari-manna-at-draakon-gallery-tallinn\/\">Mari M\u00e4nna at Draakon Gallery, Tallinn, East Topics, 08.10.2022<\/a><br \/>\n<a href=\"https:\/\/saartehaal.postimees.ee\/7622033\/mari-manna-soidab-naitusega-vilniusesse\">Mari M\u00e4nna s\u00f5idab n\u00e4itusega Vilniusesse, Saarte H\u00e4\u00e4l, 08.10.2022, Mehis Tulk<\/a><br \/>\n<a href=\"https:\/\/echogonewrong.com\/photo-reportage-from-the-exhibition-lets-live-in-friendship-by-mari-manna\/\">Photo reportage from the exhibition &#8216;Let&#8217;s Live in Friendship!&#8217; by Mari M\u00e4nna, Echo Gone Wrong, 04.10.2022<\/a><br \/>\n<a href=\"https:\/\/kultuur.err.ee\/1608722740\/galerii-mari-manna-avas-draakoni-galeriis-isikunaituse\">Galerii: Mari M\u00e4nna avas Draakoni galeriis isikun\u00e4ituse, kultuur.err.ee, 21.09.2022<\/a><br \/>\n<a href=\"https:\/\/echogonewrong.com\/photo-reportage-from-the-exhibition-as-it-came-out-of-the-earth-it-returns-by-kert-viiart-at-hobusepea-gallery\/\">Photo reportage from the exhibition &#8216;As It Came Out of The Earth, It Returns&#8217; by Kert Viiart at Hobusepea Gallery, Echo Gone Wrong, 13.10.2022<\/a><br \/>\n<a href=\"https:\/\/kultuur.err.ee\/1608727969\/galerii-kert-viiart-avas-naituse-plasti-rannust\">Galerii. Kert Viiart avas n\u00e4ituse plasti r\u00e4nnust, kultuur.err.ee, 25.09.2022<\/a><br \/>\n<a href=\"https:\/\/echogonewrong.com\/photo-reportage-from-the-exhibition-black-and-white-by-juri-kass-at-the-draakon-gallery\/\">Photo reportage from the exhibition &#8216;Black-and-White&#8217; by J\u00fcri Kass at the Draakon gallery, Echo Gone Wrong, 06.09.2022<\/a><br \/>\n<a href=\"https:\/\/kultuur.err.ee\/1608692167\/galerii-draakoni-galeriis-avati-juri-kassi-naitus-mustvalge\">Galerii: Draakoni galeriis avati J\u00fcri Kassi n\u00e4itus &#8220;Mustvalge&#8221;, kultuur.err.ee, 22.08.2022<\/a><br \/>\n<a href=\"https:\/\/sirp.ee\/s1-artiklid\/c6-kunst\/aus-kultuuriline-pilk\/\">Aus kultuuriline pilk, Sirp, 16.09.2022, Reet Varblane<\/a><br \/>\n<a href=\"https:\/\/echogonewrong.com\/kai-kaljos-exhibition-pile-of-dirty-rags-at-hobusepea-gallery\/\">Kai Kaljo\u2019s exhibition \u2019Pile of Dirty Rags\u2019 at Hobusepea gallery, Echo Gone Wrong, 06.09.2022<\/a><br \/>\n<a href=\"https:\/\/kultuur.err.ee\/1608694510\/galerii-kai-kaljo-avas-isikunaituse-hunnik-rapaseid-kaltse\">Galerii: Kai Kaljo avas isikun\u00e4ituse &#8220;Hunnik r\u00e4paseid kaltse&#8221;, kultuur.err.ee, 25.08.2022<\/a><br \/>\n<a href=\"https:\/\/arthistartu.wordpress.com\/2022\/08\/14\/seosed-ja-tajud-sirje-peterseni-maaliloomingus\/\">Kadri Asmer: seosed ja tajud Sirje Peterseni maaliloomingus, Tartu \u00dclikooli kunstiajaloolaste bogi, 14.08.2022<\/a><br \/>\n<a href=\"https:\/\/echogonewrong.com\/photo-reportage-from-sirje-petersens-personal-exhibition-flow-of-light-at-draakon-gallery\/\">Photo reportage from Sirje Petersen&#8217;s personal exhibition &#8216;Flow of Light&#8217; at Draakon gallery, Echo Gone Wrong, 01.08.2022<\/a><br \/>\n<a href=\"https:\/\/kultuur.err.ee\/1608664444\/draakoni-galeriis-avatakse-sirje-peterseni-isikunaitus-valguse-kulg\">Draakoni galeriis avatakse Sirje Peterseni isikun\u00e4itus &#8220;Valguse kulg&#8221;, kultuur.err.ee, 22.07.2022<\/a><br \/>\n<a href=\"https:\/\/kultuur.postimees.ee\/7569792\/maalikunstnik-sirje-petersen-avab-draakoni-galeriis-isikunaituse-valguse-kulg\">Maalikunstnik Sirje Petersen avab Draakoni galeriis isikun\u00e4ituse \u00abValguse kulg\u00bb, kultuur.postimees.ee, 22.07.2022<\/a><br \/>\n<a href=\"https:\/\/maaleht.delfi.ee\/artikkel\/120047274\/andres-koorti-ilujanu\">Andres Koorti ilujanu, Maaleht, 11.08.2022<\/a><br \/>\n<a href=\"https:\/\/echogonewrong.com\/photo-reportage-from-the-exhibition-chaos-and-order-by-andres-koort-hobusepea-gallery\/\">Photo reportage from the exhibition &#8216;Chaos and Order&#8217; by Andres Koort Hobusepea gallery, Echo Gone Wrong, 01.08.2022<\/a><br \/>\n<a href=\"https:\/\/kuku.pleier.ee\/podcast\/neeme-raud-siin\/131246?fbclid=IwAR227a3sc-Rp2mEa31S2bndQrhE96ZwMX8RSABQGD5JR5C2pefb0iMjcstA\">Neeme Raud. Siin, Raadio Kuku, 30.07.2022<\/a><br \/>\n<a href=\"https:\/\/kultuur.err.ee\/1608667819\/andres-koort-vaatleb-hobusepea-galeriis-kaose-ja-korra-poimumisi\">Andres Koort vaatleb Hobusepea galeriis kaose ja korra p\u00f5imumisi, kultuur.err.ee, 26.07.2022<\/a><br \/>\n<a href=\"https:\/\/kultuur.err.ee\/1608642376\/pildid-draakoni-galeriis-avati-kelli-valgu-isikunaitus-labikaidavad-toad\">Pildid: Draakoni galeriis avati Kelli Valgu isikun\u00e4itus &#8220;L\u00e4bik\u00e4idavad toad&#8221;, kultuur.err.ee, 28.06.2022<\/a><br \/>\n<a href=\"https:\/\/noba.ac\/et\/naitus\/kelli-valk-labikaidavad-toad\/\">Kelli Valk &#8211; L\u00e4bik\u00e4idavad toad, noba.ac, 27.06.2022<\/a><br \/>\n<a href=\"https:\/\/noba.ac\/et\/naitus\/virmalistest-geosfaarini-loomeuurimuse-towards-atmospheric-care-naitus\/\">Virmalistest geosf\u00e4\u00e4rini &#8211; loomeuurimuse \u201eTowards Atmospheric Care\u201d n\u00e4itus, noba.ac, 30.06.2022<\/a><br \/>\n<a href=\"https:\/\/kultuur.err.ee\/1608642271\/hobusepea-galeriis-avatav-naitus-votab-vaatluse-alla-atmosfaari\">Hobusepea galeriis avatav n\u00e4itus v\u00f5tab vaatluse alla atmosf\u00e4\u00e4ri, kultuur.err.ee, 28.06.2022<\/a><br \/>\n<a href=\"https:\/\/echogonewrong.com\/photo-reportage-from-the-exhibition-black-mirror-by-sirja-liisa-eelma-and-tiina-sarapu-at-draakon-gallery\/\">Photo reportage from the exhibition &#8216;Black Mirror&#8217; by Sirja-Liisa Eelma and Tiina Sarapu at Draakon gallery, Echo Gone Wrong, 21.06.2022<\/a><br \/>\n<a href=\"https:\/\/kultuur.err.ee\/1608615478\/galerii-sirja-liisa-eelma-ja-tiina-sarapu-avasid-uhisnaituse-must-peegel\">Galerii. Sirja-Liisa Eelma ja Tiina Sarapu avasid \u00fchisn\u00e4ituse &#8220;Must peegel&#8221;, kultuur.err.ee, 31.05.2022<\/a><br \/>\n<a href=\"https:\/\/echogonewrong.com\/photo-reportage-from-the-exhibition-its-like-i-barely-see-by-riin-maide-at-the-hobusepea-gallery\/\">Photo reportage from the exhibition &#8216;It&#8217;s Like I Barely See&#8217; by Riin Maide at the Hobusepea gallery, Echo Gone Wrong, 21.06.2022<\/a><br \/>\n<a href=\"https:\/\/idaidaida.net\/et\/jarelkuulamine\/vitamiin-k-2022-06-13\">Vitamiin K (k\u00fclas Riin Maide), IDA Raadio, 13.06.2022<\/a><br \/>\n<a href=\"https:\/\/echogonewrong.com\/photo-reportage-from-the-exhibition-reformation-by-hanno-soans-silvia-sosaar-at-draakon-gallery\/\">Photo reportage from the exhibition &#8216;Reformation&#8217; by Hanno Soans &amp; Silvia Sosaar at Draakon Gallery, Echo Gone Wrong, 28.05.2022<\/a><br \/>\n<a href=\"https:\/\/kultuur.err.ee\/1608586705\/hanno-soans-usupuhastusest-siin-on-traumaatiline-osa-kultuurimalust\">Hanno Soans &#8220;Usupuhastusest&#8221;: siin on traumaatiline osa kultuurim\u00e4lust, kultuur.err.ee, 04.05.2022<\/a><br \/>\n<a href=\"https:\/\/echogonewrong.com\/then-the-edge-asserts-itself-by-tim-hoibjerg-triin-marts-siiri-juris-at-hobusepea-gallery\/\">&#8216;Then the Edge Asserts Itself&#8217; by Tim H\u00f8ibjerg, Triin Marts &amp; Siiri J\u00fcris at Hobusepea Gallery, Echo Gone Wrong, 28.05.2022<\/a><br \/>\n<a href=\"https:\/\/kultuur.err.ee\/1608589075\/galerii-avati-tim-hoibjergi-triin-martsi-ja-siiri-jurise-uhisnaitus-hobusepea-galeriis\">Galerii: avati Tim Hoibjergi, Triin Martsi ja Siiri J\u00fcrise \u00fchisn\u00e4itus Hobusepea galeriis, kultuur.err.ee, 06.05.2022<\/a><br \/>\n<a href=\"https:\/\/vikerraadio.err.ee\/1608572860\/kultuuriuudised\">Kultuuriuudised, Vikerraadio, 05.05.2022<\/a><br \/>\n<a href=\"https:\/\/echogonewrong.com\/photo-reportage-from-the-exhibition-reconstructed-points-of-view-by-taavi-talve-at-the-draakon-gallery\/\">Photo reportage from the exhibition &#8216;(re)constructed points of view&#8217; by Taavi Talve at the Draakon gallery, Echo Gone Wrong, 26.04.2022<\/a><br \/>\n<a href=\"https:\/\/vilniausgalerija.lt\/2022\/04\/08\/talino-meno-parodos-ir-muziejai-ka-verta-aplankyti-balandzio-menesi\/\">Taavi Talve personalin\u0117 paroda \u201e(re)constructed points of view\u201c, vilniausgalerija.lt, 08.04.2022<\/a><br \/>\n<a href=\"https:\/\/kultuur.postimees.ee\/7511813\/elu-koos-kunstiga-tanel-rander-loovus-paastab-elusid\">ELU KOOS KUNSTIGA \u27e9 Tanel Rander: \u00abLoovus p\u00e4\u00e4stab elusid\u00bb, Postimees, 29.04.022<\/a><br \/>\n<a href=\"https:\/\/echogonewrong.com\/photo-reportage-from-the-exhibition-angelus-novus-by-tanel-rander-at-hobusepea-gallery\/\">Photo reportage from the exhibition &#8216;Angelus Novus&#8217; by Tanel Rander at Hobusepea gallery, Echo Gone Wrong, 26.04.2022<\/a><br \/>\n<a href=\"https:\/\/soundcloud.com\/ida_radio\/vitamiin-k-110422\">Vitamiin K \u2013 Urmas L\u00fc\u00fcs &amp; Tanel Rander, Ida raadio, 11.04.22<\/a><br \/>\n<a href=\"https:\/\/echogonewrong.com\/photo-reportage-from-jaan-elkens-exhibition-on_off-at-the-draakon-gallery\/\">Photo reportage from Jaan Elken&#8217;s exhibition &#8216;ON_OFF&#8217; at the Draakon gallery, Echo Gone Wrong, 30.03.2022<\/a><br \/>\n<a href=\"https:\/\/kultuur.postimees.ee\/7484196\/jaan-elkeni-pandeemianaitus\">Jaan Elkeni pandeemian\u00e4itus, postimees.ee, 23.03.2022, Aleksander Metsam\u00e4rt<\/a><br \/>\n<a href=\"https:\/\/kultuur.err.ee\/1608523694\/galerii-draakoni-galeriis-avatakse-jaan-elkeni-naitus-on_off\">Galerii: Draakoni galeriis avatakse Jaan Elkeni n\u00e4itus &#8220;ON_OFF&#8221;, kultuur.err.ee, 07.03.2022<\/a><br \/>\n<a href=\"https:\/\/kultuur.err.ee\/1608526238\/hobusepea-galeriis-naeb-kaselaane-naitust-koletis-jargneb-lambakandjale\">Hobusepea galeriis n\u00e4eb Kaselaane n\u00e4itust &#8220;Koletis j\u00e4rgneb lambakandjale&#8221;, kultuur.err.ee, 09.03.2022<\/a><br \/>\n<a href=\"https:\/\/echogonewrong.com\/photo-reportage-from-kadri-tooms-exhibition-ways-of-seeing-the-periphery-at-draakon-gallery\/\">Photo reportage from Kadri Toom&#8217;s exhibition &#8216;Ways of Seeing the Periphery&#8217; at Draakon gallery, echogonewrong.com, 24.02.2022<\/a><br \/>\n<a href=\"https:\/\/etv.err.ee\/1608481901\/op\">Kadri Toom OPis, episood 117, 10.02.2022<\/a><br \/>\n<a href=\"https:\/\/kultuur.err.ee\/1608493146\/pildid-draakoni-galeriis-avati-kadri-toomi-isikunaitus\">Pildid: Draakoni galeriis avati Kadri Toomi isikun\u00e4itus, kultuur.err.ee, 08.02.2022<\/a><br \/>\n<a href=\"https:\/\/www.sirp.ee\/s1-artiklid\/c6-kunst\/arvustus-kehastumine-teisel-pool-elu\/\">Arvustus. Kehastumine teisel pool elu, sirp.ee, 25.02.2022, Aleksander Metsam\u00e4rt<\/a><br \/>\n<a href=\"https:\/\/echogonewrong.com\/photo-reportage-from-group-exhibition-a-visitor-at-hobusepea-gallery\/\">Photo reportage from group exhibition &#8216;A Visitor&#8217; at Hobusepea gallery, echogonewrong.com, 24.02.2022<\/a><br \/>\n<a href=\"https:\/\/echogonewrong.com\/photo-reportage-from-the-exhibition-a-slash-is-a-dash-is-a-splah-by-laura-cemin-at-teh-draakon-gallery\/\">Photo reportage from the exhibition &#8216;a slash is a dash is a splah&#8217; by Laura Cemin at teh Draakon Gallery, echogonewrong.com, 22.01.2022<\/a><br \/>\n<a href=\"https:\/\/kultuur.err.ee\/1608463760\/laura-cemin-inglise-keeles-on-enamik-langemisega-seotud-moisted-negatiivse-alatooniga\">Laura Cemin: inglise keeles on enamik langemisega seotud m\u00f5isted negatiivse alatooniga, kultuur.err.ee, 12.01.2022<\/a><br \/>\n<a href=\"https:\/\/echogonewrong.com\/the-a-b-c-d-e-f-g-of-love-by-marge-monko-and-marusa-sagadin-at-hobusepea-gallery\/\">&#8216;The A.B.C.D.E.F.G. of Love&#8217; by Marge Monko and Maru\u0161a Sagadin at Hobusepea gallery, echogonewron.com, 26.01.2022<\/a><br \/>\n<a href=\"https:\/\/kultuur.err.ee\/1608464942\/pildid-hobusepea-galeriis-avati-marge-monko-ja-marusa-sagadini-uhisnaitus\">Pildid: Hobusepea galeriis avati Marge Monko ja Maru\u0161a Sagadini \u00fchisn\u00e4itus, kultuur.err.ee, 13.01.2022<\/a><\/p>\n<h2>2021<\/h2>\n<p><a href=\"https:\/\/echogonewrong.com\/photo-reportage-from-martin-buschmanns-exhibition-doc-photo-2020-at-the-draakon-gallery\/\">Photo reportage from Martin Buschmann&#8217;s exhibition &#8216;Doc. Photo 2020&#8217; at the Draakon Gallery, echogonewrong.com, 06.01.2021<\/a><br \/>\n<a href=\"https:\/\/kultuur.err.ee\/1608435761\/fotograaf-martin-buschmann-avas-naituse-virtuaalsetest-kontsertidest\">Fotograaf Martin Buschmann avas n\u00e4ituse virtuaalsetest kontsertidest, kultuur.err.ee, 14.12.2021<\/a><br \/>\n<a href=\"https:\/\/kubaparis.com\/photo-reportage-of-the-exhibition-present-yet-to-be\/\">Photo reportage of the exhibition Present Yet-to-Be, KubaParis.com, 10.01.2021<\/a><br \/>\n<a href=\"https:\/\/www.ofluxo.net\/present-yet-to-be-lisann-lillevere-johanna-ruukholm-denisa-stefanigova%e2%80%a8-at-hobusepea-gallery-tallinn\/\">Present Yet-to-Be. Lisann Lillevere &amp; Johanna Ruukholm, Denisa \u0160tefanigov\u00e1, Ofluxo.net, 13.01.2022<\/a><br \/>\n<a href=\"https:\/\/kultuur.err.ee\/1608443795\/lilian-hiob-saaksime-kunsti-tahtsusest-rohkem-aru-kui-seda-jarsku-enam-ei-oleks\">Lilian Hiob: saaksime kunsti t\u00e4htsusest rohkem aru, kui seda j\u00e4rsku enam ei oleks, kultuur.err.ee, 22.12.2021<\/a><br \/>\n<a href=\"https:\/\/echogonewrong.com\/photo-reportage-from-the-exhibition-lost-future-figure-oh-whistle-and-ill-come-to-you-my-friend-at-the-draakon-gallery\/\">Photo reportage from the exhibition &#8216;Lost Future Figure. Oh whistle, and I&#8217;ll come to you, my friend&#8217; at the Draakon Gallery, echogonewrong.com, 07.12.2021<\/a><br \/>\n<a href=\"https:\/\/kultuur.err.ee\/1608425546\/kunstiamps-nunnad-veidrad-isendid-ja-kvaarid-mustrivaibad\">Kunstiamps. Nunnad, veidrad isendid ja kv\u00e4\u00e4rid mustrivaibad, kultuur.err.ee, 04.12.2021. Gloria Hao &amp; Madlen Hirtentreu<\/a><br \/>\n<a href=\"https:\/\/echogonewrong.com\/blow-hot-and-cold-by-kaisa-maasik-at-the-hobusepea-gallery\/\">&#8216;Blow Hot and Cold&#8217; by Kaisa Maasik at the Hobusepea gallery, echogonewrong.com, 07.12.2021<\/a><br \/>\n<a href=\"https:\/\/echogonewrong.com\/photo-reportage-from-the-exhibition-earthly-borders-by-mall-nukke-at-draakon-gallery\/\">Photo reportage from the exhibition &#8216;Earthly Borders&#8217; by Mall Nukke at Draakon gallery, echogonewrong.com, 18.11.2021<\/a><br \/>\n<a href=\"https:\/\/echogonewrong.com\/my-studio-by-uno-roosvalt-at-hobusepea-gallery\/\">&#8216;My Studio&#8217; by Uno Roosvalt at Hobusepea gallery, echogonewrong.com, 18.11.2021<\/a><br \/>\n<a href=\"https:\/\/sirp.ee\/s1-artiklid\/c6-kunst\/kunstnik-joonistab-ateljeevaikuses-oma-motted-kuuldavaks\/\">Kunstnik joonistab ateljeevaikuses oma m\u00f5tted kuuldavaks, Luise Birkenfield, Sirp, 19.11.2021. Uno Roosvalt<\/a><br \/>\n<a href=\"https:\/\/echogonewrong.com\/photo-reportage-from-mari-leen-kiiplis-solo-exhibition-nanshe-gone-fishing-at-draakon-gallery\/\">Photo reportage from Mari-Leen Kiipli&#8217;s solo exhibition &#8216;Nanshe Gone Fishing&#8217; at Draakon gallery, echogonewrong.com, 29.11.2021<\/a><br \/>\n<a href=\"https:\/\/klassikaraadio.err.ee\/1608374102\/kunstiministeerium-avab-uksed\/1404629\">Kunstiministeerium: Tallinna Kunstihoone, Kumu ja vanalinna galeriid, Indrek Grigor ja Maarin M\u00fcrk, Klassikaraadio.ee, 30.10.2021<\/a><br \/>\nMari-Leen Kiipli<br \/>\n<a href=\"https:\/\/klassikaraadio.err.ee\/1608374102\/kunstiministeerium-avab-uksed\/1404629\">Kunstiministeerium: Tallinna Kunstihoone, Kumu ja vanalinna galeriid, Indrek Grigor ja Maarin M\u00fcrk, Klassikaraadio.ee, 30.10.2021. Kristen R\u00e4stas<\/a><br \/>\n<a href=\"https:\/\/echogonewrong.com\/photo-reportage-from-the-exhibition-the-caretaker-by-kristen-rastas-at-hobusepea-gallery\/\">Photo reportage from the exhibition &#8216;The Caretaker&#8217; by Kristen R\u00e4stas at Hobusepea gallery, echogonewrong.com, 20.10.2021<\/a><br \/>\n<a href=\"https:\/\/vikerraadio.err.ee\/1608350570\/kunstiamps-sigrid-viir-draakoni-galeriis-juri-kask-viljandis\">Kunstiamps. Sigrid Viir Draakoni galeriis. J\u00fcri Kask Viljandis, vikerraadio.err.ee, 25.09.2021<\/a><br \/>\n<a href=\"https:\/\/kultuur.err.ee\/1608346034\/galerii-kunstnik-sigrid-viir-avas-isikunaituse-voltspuhkaja-reisipaevik\">Galerii: kunstnik Sigrid Viir avas isikun\u00e4ituse &#8220;V\u00f5ltspuhkaja reisip\u00e4evik&#8221;, kultuur.err.ee, 21.09.2021<\/a><br \/>\n<a href=\"https:\/\/echogonewrong.com\/photo-reportage-from-the-exhibition-engine-noise-from-the-sun-by-katrin-koskaru-at-the-hobusepea-gallery\/\">Photo reportage from the exhibition &#8216;Engine Noise from the Sun&#8217; by Katrin Koskaru at the Hobusepea gallery, echogonewrong.com, 06.10.2021<\/a><br \/>\n<a href=\"https:\/\/tudruklehvikuga.blogspot.com\/2021\/10\/mootorimura-paikese-suunast-katrin.html\">Mootorim\u00fcra p\u00e4ikese suunast &#8211; Katrin Koskaru Hobusepea galeriis, tudruklehvikuga.blogspot.com, 09.10.2021<\/a><br \/>\n<a href=\"https:\/\/echogonewrong.com\/photo-reportage-from-the-exhibition-virg-ridges-by-tiiu-pallo-vaik-at-the-draakon-gallery\/\">Photo reportage from the exhibition &#8216;VIRG. RIDGES&#8217; by Tiiu Pallo-Vaik at the Draakon gallery, echogonewrong.com, 14.09.2021<\/a><br \/>\n<a href=\"https:\/\/kultuur.err.ee\/1608322823\/galerii-tiiu-pallo-vaik-avas-draakoni-galeriis-isikunaituse-virg\">Galerii: Tiiu Pallo-Vaik avas Draakoni galeriis isikun\u00e4ituse &#8220;Virg&#8221;, kultuur.err.ee, 31.08.2021<\/a><br \/>\n<a href=\"https:\/\/idaidaida.net\/et\/jarelkuulamine\/vitamiin-k-2021-09-20\">Vitamiin k, IDA raadio, 20.09.2021. Laivi<\/a><br \/>\n<a href=\"https:\/\/echogonewrong.com\/photo-reportage-from-the-exhibition-collecting-and-preserving-by-laivi-hobusepea-gallery\/\">Photo reportage from the exhibition &#8216;Collecting and Preserving&#8217; by Laivi at the Hobusepea gallery, echogonewrong.com, 14.09.2021<\/a><br \/>\n<a href=\"https:\/\/echogonewrong.com\/photo-reportage-from-the-exhibition-walls-panels-fragments-by-sven-parker-at-the-draakon-gallery\/\">Photo reportage from the exhibition &#8216;Walls, Panels, Fragments&#8217; by Sven Parker at the Draakon Gallery, echogonewrong.com, 20.08.2021<\/a><br \/>\n<a href=\"https:\/\/kultuur.err.ee\/1608295671\/sven-parker-loob-draakoni-galeriis-fragmentidest-uusi-narratiive\">Sven Parker loob Draakoni galeriis fragmentidest uusi narratiive, kultuur.err.ee, 02.08.2021<\/a><br \/>\n<a href=\"https:\/\/www.current-obsession.com\/tactilite\/\">Tactilite-Stone that Tickles the Gaze. Interview with Darja Popolitova by Vica G\u00e1bor, current-obsession.com, 14.10.2021<\/a><br \/>\n<a href=\"https:\/\/ekspress.delfi.ee\/artikkel\/94376931\/ehtenoid-serafita-argimaagia\">Ehten\u00f5id Serafita argimaagia, intervjuu Kadri Karroga, Eesti Ekspress, Areen, 25.08.2021<\/a><br \/>\n<a href=\"https:\/\/www.muurileht.ee\/arvustus-meie-igapaevane-puutemaagia\/\">Arvustus: meie igap\u00e4evane puutemaagia, M\u00fc\u00fcrileht, 17.08.2021, Aleksander Metsam\u00e4rt<\/a><br \/>\n<a href=\"https:\/\/arterritory.com\/ru\/vizualnoe_iskusstvo\/intervju\/25716-vskryt_vsju_lipkost_suschestvovanija\">\u0412\u0441\u043a\u0440\u044b\u0442\u044c \u0432\u0441\u044e \u00ab\u043b\u0438\u043f\u043a\u043e\u0441\u0442\u044c \u0441\u0443\u0449\u0435\u0441\u0442\u0432\u043e\u0432\u0430\u043d\u0438\u044f\u00bb, Elnara Taidre, arterritory.com, 13.08.2021<\/a><br \/>\n<a href=\"https:\/\/kultuur.err.ee\/1608287673\/arvustus-lahtihargnemise-talumatult-intensiivne-ornus\">Arvustus. Lahtihargnemise talumatult intensiivne \u00f5rnus, ERR.ee, 24.07.2021, Aleksander Metsam\u00e4rt<\/a><br \/>\n<a href=\"https:\/\/echogonewrong.com\/photo-reportage-from-the-exhibition-words-cant-describe-but-are-good-enough-by-nele-tiidelepp-at-draakon-gallery\/\">Photo reportage from the exhibition &#8216;words can&#8217;t describe but are good enough&#8217; by Nele Tiidelepp at Draakon Gallery, Echo Gone Wrong, 20.07.2021<\/a><br \/>\n<a href=\"https:\/\/kultuur.err.ee\/1608272160\/galerii-hobusepea-galeriis-avati-hedi-jaansoo-isikunaitus\">Galerii: Hobusepea galeriis avati Hedi Jaansoo isikun\u00e4itus, Err.ee, 09.07.2021<\/a><br \/>\n<a href=\"https:\/\/kultuur.postimees.ee\/7266246\/anna-skodenko-avab-draakoni-galeriis-isikunaituse\">Anna \u0160kodenko avab Draakoni galeriis isikun\u00e4ituse, Postimees.ee, 07.06.2021<\/a><br \/>\nVaade lennukiaknast, Lilli-Kr\u00f5\u00f5t Repnau intervjuu Margit S\u00e4dega, Kunst.ee, 3\/2021<br \/>\n<a href=\"https:\/\/www.sirp.ee\/s1-artiklid\/c5-muusika\/lendamine-rutiin-voi-unelm\/\">Lendamine \u2013 rutiin v\u00f5i unelm?, Sirp, 02.07.2021, Johanna Jolen Kuzmenko<\/a><br \/>\n<a href=\"https:\/\/tudruklehvikuga.blogspot.com\/2021\/06\/veiko-klemmeri-tulevikumaastikud.html?m=1\">Veiko Klemmeri (tuleviku)maastikud?, Lehvikuga t\u00fcdruk, 03.06.2021<\/a><br \/>\n<a href=\"https:\/\/noar.eu\/et\/exhibition-posts\/veiko-klemmeri-isiknaitus-mida-raha-eest-ei-saa\/\">Veiko Klemmeri isikn\u00e4itus \u201eMida raha eest ei saa\u201c, Noar.eu, 18.05.2021<\/a><br \/>\nLeinaja argip\u00e4ev. Urmas L\u00fc\u00fcsi matusedraamast kahes vaatuses, Kunst.ee, 2021\/3, Johannes Saar<br \/>\n<a href=\"https:\/\/maaleht.delfi.ee\/artikkel\/93608275\/urmas-luus-vottis-vanaema-elu-tukkideks-ja-pani-teistmoodi-kokku\">Urmas L\u00fc\u00fcs v\u00f5ttis vanaema elu t\u00fckkideks ja pani teistmoodi kokku, Maaleht, 04.06.2021, J\u00fcrgen Rooste<\/a><br \/>\n<a href=\"https:\/\/www.sirp.ee\/s1-artiklid\/c6-kunst\/maluga-materjalid-ja-kehaline-motlemine\/\">M\u00e4luga materjalid ja kehaline m\u00f5tlemine, Sirp, 04.06.2021, Kai Lobjakas<\/a><br \/>\n<a href=\"https:\/\/www.artblog-northeast.com\/post\/l%C3%BC%C3%BCs-lurking-ghouls\">L\u00fc\u00fcs\u2019 Lurking Ghouls, Northeast Blog, 30.05.2021, Michael Haagensen<\/a><br \/>\n<a href=\"https:\/\/jupiter.err.ee\/1608214318\/kunstiministeerium\">Kunstiministeerium, Maarin M\u00fcrk, 29.05.2021<\/a><br \/>\nT\u00e4iusliku elu beeta-versioon, Kunst.ee, 2021\/2, Johannes Saar<br \/>\n<a href=\"https:\/\/tudruklehvikuga.blogspot.com\/2021\/03\/raul-kelleri-kulmkapigalerii-kodus-ja.html?m=1\">Raul Kelleri k\u00fclmkapigalerii &#8211; kodus ja n\u00e4itusesaalis, Lehvikuga t\u00fcdruk, 09.03.2021<\/a><br \/>\n<a href=\"https:\/\/kultuur.err.ee\/1160400\/raul-kelleri-naitus-ideaalmaastikud-liigub-mooda-eesti-inimeste-kulmkappe\">Raul Kelleri n\u00e4itus \u201eIdeaalmaastikud\u201d liigub m\u00f6\u00f6da Eesti inimeste k\u00fclmkappe, ERR.ee, 12.11.2020<\/a><br \/>\n<a href=\"https:\/\/cca.ee\/ajakiri\/kuhu-minna-mida-teha-1-7-martsini\">Kuhu minna &amp; mida teha 1. \u2013 7. m\u00e4rtsil, CCA.ee, 01.03.2021<\/a><br \/>\n<a href=\"https:\/\/tudruklehvikuga.blogspot.com\/2021\/02\/ekspressiga-kevadesse-ann-pajuvali-ja.html?m=1\">Ekspressiga kevadesse &#8211; Ann Pajuv\u00e4li ja Misa Asanuma Hobusepea galeriis, Lehvikuga t\u00fcdruk, 28.02.2021<\/a><br \/>\n<a href=\"https:\/\/leht.postimees.ee\/7179867\/kas-maastikud-unistavad-elektrilammastest\">Kas maastikud unistavad elektrilammastest?, Postimees.ee, 15.02.2021, Stefan Peetri<\/a><br \/>\n<a href=\"https:\/\/leht.postimees.ee\/7178331\/kunst-sinu-umber-kanooniline-laurentsius-suur-osa-head-kunsti-tegeleb-mottetute-teemadega\">Kunst sinu \u00fcmber. Kanooniline Laurentsius: \u201eSuur osa head kunsti tegeleb m\u00f5ttetute teemadega.\u201d, Postimees.ee, 13.02.2021, Kaarin Kivir\u00e4hk<\/a><br \/>\n<a href=\"https:\/\/kultuur.err.ee\/1608096505\/laurentsiuse-isikunaitus-viib-unenaolistele-maastikutele\">Laurentsiuse isikun\u00e4itus viib unen\u00e4olistele maastikutele, ERR.ee, 03.02.2021<\/a><br \/>\n<a href=\"https:\/\/kultuur.err.ee\/1608092461\/hobusepea-galeriis-otsitakse-tasakaalu-koostoo-ja-parasiitluse-vahel\">Hobusepea galeriis otsitakse tasakaalu koost\u00f6\u00f6 ja parasiitluse vahel, ERR.ee, 30.01.2021<\/a><br \/>\n<a href=\"https:\/\/cca.ee\/ajakiri\/kuhu-minna-mida-teha-1-7-veebruaril\">Kuhu minna &amp; mida teha 1. \u2013 7. veebruaril, CCA.ee, 01.02.2021<\/a><br \/>\n<a href=\"https:\/\/nbyaa.eu\/et\/exhibition-posts\/pille-riin-jaiki-miriam-esther-meyeri-uhisnaitus-parasiitlik-sumbioos\/\">Parasitic Symbiosis, Echo Gone Wrong, 21.02.2021, Liudmila Kirsanova<\/a><\/p>\n<h2>2020<\/h2>\n<p><a href=\"https:\/\/echogonewrong.com\/photo-reportage-from-martin-buschmanns-exhibition-doc-photo-2020-at-the-draakon-gallery\/\">Photo reportage from Martin Buschmann&#8217;s exhibition &#8216;Doc. Photo 2020&#8217; at the Draakon Gallery, echogonewrong.com, 06.01.2021<\/a><br \/>\n<a href=\"https:\/\/kultuur.err.ee\/1608435761\/fotograaf-martin-buschmann-avas-naituse-virtuaalsetest-kontsertidest\">Fotograaf Martin Buschmann avas n\u00e4ituse virtuaalsetest kontsertidest, kultuur.err.ee, 14.12.2021<\/a><br \/>\n<a href=\"https:\/\/kubaparis.com\/photo-reportage-of-the-exhibition-present-yet-to-be\/\">Photo reportage of the exhibition Present Yet-to-Be, KubaParis.com, 10.01.2021<\/a><br \/>\n<a href=\"https:\/\/www.ofluxo.net\/present-yet-to-be-lisann-lillevere-johanna-ruukholm-denisa-stefanigova%e2%80%a8-at-hobusepea-gallery-tallinn\/\">Present Yet-to-Be. Lisann Lillevere &amp; Johanna Ruukholm, Denisa \u0160tefanigov\u00e1, Ofluxo.net, 13.01.2022<\/a><br \/>\n<a href=\"https:\/\/kultuur.err.ee\/1608443795\/lilian-hiob-saaksime-kunsti-tahtsusest-rohkem-aru-kui-seda-jarsku-enam-ei-oleks\">Lilian Hiob: saaksime kunsti t\u00e4htsusest rohkem aru, kui seda j\u00e4rsku enam ei oleks, kultuur.err.ee, 22.12.2021<\/a><br \/>\n<a href=\"https:\/\/echogonewrong.com\/photo-reportage-from-the-exhibition-lost-future-figure-oh-whistle-and-ill-come-to-you-my-friend-at-the-draakon-gallery\/\">Photo reportage from the exhibition &#8216;Lost Future Figure. Oh whistle, and I&#8217;ll come to you, my friend&#8217; at the Draakon Gallery, echogonewrong.com, 07.12.2021<\/a><br \/>\n<a href=\"https:\/\/kultuur.err.ee\/1608425546\/kunstiamps-nunnad-veidrad-isendid-ja-kvaarid-mustrivaibad\">Kunstiamps. Nunnad, veidrad isendid ja kv\u00e4\u00e4rid mustrivaibad, kultuur.err.ee, 04.12.2021. Gloria Hao &amp; Madlen Hirtentreu<\/a><br \/>\n<a href=\"https:\/\/echogonewrong.com\/blow-hot-and-cold-by-kaisa-maasik-at-the-hobusepea-gallery\/\">&#8216;Blow Hot and Cold&#8217; by Kaisa Maasik at the Hobusepea gallery, echogonewrong.com, 07.12.2021<\/a><br \/>\n<a href=\"https:\/\/echogonewrong.com\/photo-reportage-from-the-exhibition-earthly-borders-by-mall-nukke-at-draakon-gallery\/\">Photo reportage from the exhibition &#8216;Earthly Borders&#8217; by Mall Nukke at Draakon gallery, echogonewrong.com, 18.11.2021<\/a><br \/>\n<a href=\"https:\/\/echogonewrong.com\/my-studio-by-uno-roosvalt-at-hobusepea-gallery\/\">&#8216;My Studio&#8217; by Uno Roosvalt at Hobusepea gallery, echogonewrong.com, 18.11.2021<\/a><br \/>\n<a href=\"https:\/\/sirp.ee\/s1-artiklid\/c6-kunst\/kunstnik-joonistab-ateljeevaikuses-oma-motted-kuuldavaks\/\">Kunstnik joonistab ateljeevaikuses oma m\u00f5tted kuuldavaks, Luise Birkenfield, Sirp, 19.11.2021. Uno Roosvalt<\/a><br \/>\n<a href=\"https:\/\/echogonewrong.com\/photo-reportage-from-mari-leen-kiiplis-solo-exhibition-nanshe-gone-fishing-at-draakon-gallery\/\">Photo reportage from Mari-Leen Kiipli&#8217;s solo exhibition &#8216;Nanshe Gone Fishing&#8217; at Draakon gallery, echogonewrong.com, 29.11.2021<\/a><br \/>\n<a href=\"https:\/\/klassikaraadio.err.ee\/1608374102\/kunstiministeerium-avab-uksed\/1404629\">Kunstiministeerium: Tallinna Kunstihoone, Kumu ja vanalinna galeriid, Indrek Grigor ja Maarin M\u00fcrk, Klassikaraadio.ee, 30.10.2021<\/a><br \/>\nMari-Leen Kiipli<br \/>\n<a href=\"https:\/\/klassikaraadio.err.ee\/1608374102\/kunstiministeerium-avab-uksed\/1404629\">Kunstiministeerium: Tallinna Kunstihoone, Kumu ja vanalinna galeriid, Indrek Grigor ja Maarin M\u00fcrk, Klassikaraadio.ee, 30.10.2021. Kristen R\u00e4stas<\/a><br \/>\n<a href=\"https:\/\/echogonewrong.com\/photo-reportage-from-the-exhibition-the-caretaker-by-kristen-rastas-at-hobusepea-gallery\/\">Photo reportage from the exhibition &#8216;The Caretaker&#8217; by Kristen R\u00e4stas at Hobusepea gallery, echogonewrong.com, 20.10.2021<\/a><br \/>\n<a href=\"https:\/\/vikerraadio.err.ee\/1608350570\/kunstiamps-sigrid-viir-draakoni-galeriis-juri-kask-viljandis\">Kunstiamps. Sigrid Viir Draakoni galeriis. J\u00fcri Kask Viljandis, vikerraadio.err.ee, 25.09.2021<\/a><br \/>\n<a href=\"https:\/\/kultuur.err.ee\/1608346034\/galerii-kunstnik-sigrid-viir-avas-isikunaituse-voltspuhkaja-reisipaevik\">Galerii: kunstnik Sigrid Viir avas isikun\u00e4ituse &#8220;V\u00f5ltspuhkaja reisip\u00e4evik&#8221;, kultuur.err.ee, 21.09.2021<\/a><br \/>\n<a href=\"https:\/\/echogonewrong.com\/photo-reportage-from-the-exhibition-engine-noise-from-the-sun-by-katrin-koskaru-at-the-hobusepea-gallery\/\">Photo reportage from the exhibition &#8216;Engine Noise from the Sun&#8217; by Katrin Koskaru at the Hobusepea gallery, echogonewrong.com, 06.10.2021<\/a><br \/>\n<a href=\"https:\/\/tudruklehvikuga.blogspot.com\/2021\/10\/mootorimura-paikese-suunast-katrin.html\">Mootorim\u00fcra p\u00e4ikese suunast &#8211; Katrin Koskaru Hobusepea galeriis, tudruklehvikuga.blogspot.com, 09.10.2021<\/a><br \/>\n<a href=\"https:\/\/echogonewrong.com\/photo-reportage-from-the-exhibition-virg-ridges-by-tiiu-pallo-vaik-at-the-draakon-gallery\/\">Photo reportage from the exhibition &#8216;VIRG. RIDGES&#8217; by Tiiu Pallo-Vaik at the Draakon gallery, echogonewrong.com, 14.09.2021<\/a><br \/>\n<a href=\"https:\/\/kultuur.err.ee\/1608322823\/galerii-tiiu-pallo-vaik-avas-draakoni-galeriis-isikunaituse-virg\">Galerii: Tiiu Pallo-Vaik avas Draakoni galeriis isikun\u00e4ituse &#8220;Virg&#8221;, kultuur.err.ee, 31.08.2021<\/a><br \/>\n<a href=\"https:\/\/idaidaida.net\/et\/jarelkuulamine\/vitamiin-k-2021-09-20\">Vitamiin k, IDA raadio, 20.09.2021. Laivi<\/a><br \/>\n<a href=\"https:\/\/echogonewrong.com\/photo-reportage-from-the-exhibition-collecting-and-preserving-by-laivi-hobusepea-gallery\/\">Photo reportage from the exhibition &#8216;Collecting and Preserving&#8217; by Laivi at the Hobusepea gallery, echogonewrong.com, 14.09.2021<\/a><br \/>\n<a href=\"https:\/\/echogonewrong.com\/photo-reportage-from-the-exhibition-walls-panels-fragments-by-sven-parker-at-the-draakon-gallery\/\">Photo reportage from the exhibition &#8216;Walls, Panels, Fragments&#8217; by Sven Parker at the Draakon Gallery, echogonewrong.com, 20.08.2021<\/a><br \/>\n<a href=\"https:\/\/kultuur.err.ee\/1608295671\/sven-parker-loob-draakoni-galeriis-fragmentidest-uusi-narratiive\">Sven Parker loob Draakoni galeriis fragmentidest uusi narratiive, kultuur.err.ee, 02.08.2021<\/a><br \/>\n<a href=\"https:\/\/ekspress.delfi.ee\/artikkel\/94376931\/ehtenoid-serafita-argimaagia https:\/\/www.current-obsession.com\/tactilite\/\">Tactilite-Stone that Tickles the Gaze. Interview with Darja Popolitova by Vica G\u00e1bor, current-obsession.com, 14.10.2021<\/a><br \/>\n<a href=\"https:\/\/ekspress.delfi.ee\/artikkel\/94376931\/ehtenoid-serafita-argimaagia\">Ehten\u00f5id Serafita argimaagia, intervjuu Kadri Karroga, Eesti Ekspress, Areen, 25.08.2021<\/a><br \/>\n<a href=\"https:\/\/www.muurileht.ee\/arvustus-meie-igapaevane-puutemaagia\/\">Arvustus: meie igap\u00e4evane puutemaagia, M\u00fc\u00fcrileht, 17.08.2021, Aleksander Metsam\u00e4rt<\/a><br \/>\n<a href=\"https:\/\/arterritory.com\/ru\/vizualnoe_iskusstvo\/intervju\/25716-vskryt_vsju_lipkost_suschestvovanija\">\u0412\u0441\u043a\u0440\u044b\u0442\u044c \u0432\u0441\u044e \u00ab\u043b\u0438\u043f\u043a\u043e\u0441\u0442\u044c \u0441\u0443\u0449\u0435\u0441\u0442\u0432\u043e\u0432\u0430\u043d\u0438\u044f\u00bb, Elnara Taidre, arterritory.com, 13.08.2021<\/a><br \/>\n<a href=\"https:\/\/kultuur.err.ee\/1608287673\/arvustus-lahtihargnemise-talumatult-intensiivne-ornus\">Arvustus. Lahtihargnemise talumatult intensiivne \u00f5rnus, ERR.ee, 24.07.2021, Aleksander Metsam\u00e4rt<\/a><br \/>\n<a href=\"https:\/\/echogonewrong.com\/photo-reportage-from-the-exhibition-words-cant-describe-but-are-good-enough-by-nele-tiidelepp-at-draakon-gallery\/\">Photo reportage from the exhibition &#8216;words can&#8217;t describe but are good enough&#8217; by Nele Tiidelepp at Draakon Gallery, Echo Gone Wrong, 20.07.2021<\/a><br \/>\n<a href=\"https:\/\/kultuur.err.ee\/1608272160\/galerii-hobusepea-galeriis-avati-hedi-jaansoo-isikunaitus\">Galerii: Hobusepea galeriis avati Hedi Jaansoo isikun\u00e4itus, Err.ee, 09.07.2021<\/a><br \/>\n<a href=\"https:\/\/kultuur.postimees.ee\/7266246\/anna-skodenko-avab-draakoni-galeriis-isikunaituse\">Anna \u0160kodenko avab Draakoni galeriis isikun\u00e4ituse, Postimees.ee, 07.06.2021<\/a><br \/>\nVaade lennukiaknast, Lilli-Kr\u00f5\u00f5t Repnau intervjuu Margit S\u00e4dega, Kunst.ee, 3\/2021<br \/>\n<a href=\"https:\/\/www.sirp.ee\/s1-artiklid\/c5-muusika\/lendamine-rutiin-voi-unelm\/\">Lendamine \u2013 rutiin v\u00f5i unelm?, Sirp, 02.07.2021, Johanna Jolen Kuzmenko<\/a><br \/>\n<a href=\"https:\/\/tudruklehvikuga.blogspot.com\/2021\/06\/veiko-klemmeri-tulevikumaastikud.html?m=1\">Veiko Klemmeri (tuleviku)maastikud?, Lehvikuga t\u00fcdruk, 03.06.2021<\/a><br \/>\n<a href=\"https:\/\/noar.eu\/et\/exhibition-posts\/veiko-klemmeri-isiknaitus-mida-raha-eest-ei-saa\/\">Veiko Klemmeri isikn\u00e4itus \u201eMida raha eest ei saa\u201c, Noar.eu, 18.05.2021<\/a><br \/>\nLeinaja argip\u00e4ev. Urmas L\u00fc\u00fcsi matusedraamast kahes vaatuses, Kunst.ee, 2021\/3, Johannes Saar<br \/>\n<a href=\"https:\/\/maaleht.delfi.ee\/artikkel\/93608275\/urmas-luus-vottis-vanaema-elu-tukkideks-ja-pani-teistmoodi-kokku\">Urmas L\u00fc\u00fcs v\u00f5ttis vanaema elu t\u00fckkideks ja pani teistmoodi kokku, Maaleht, 04.06.2021, J\u00fcrgen Rooste<\/a><br \/>\n<a href=\"https:\/\/www.sirp.ee\/s1-artiklid\/c6-kunst\/maluga-materjalid-ja-kehaline-motlemine\/\">M\u00e4luga materjalid ja kehaline m\u00f5tlemine, Sirp, 04.06.2021, Kai Lobjakas<\/a><br \/>\n<a href=\"https:\/\/www.artblog-northeast.com\/post\/l%C3%BC%C3%BCs-lurking-ghouls\">L\u00fc\u00fcs\u2019 Lurking Ghouls, Northeast Blog, 30.05.2021, Michael Haagensen<\/a><br \/>\n<a href=\"https:\/\/jupiter.err.ee\/1608214318\/kunstiministeerium\">Kunstiministeerium, Maarin M\u00fcrk, 29.05.2021<\/a><br \/>\nT\u00e4iusliku elu beeta-versioon, Kunst.ee, 2021\/2, Johannes Saar<br \/>\n<a href=\"https:\/\/tudruklehvikuga.blogspot.com\/2021\/03\/raul-kelleri-kulmkapigalerii-kodus-ja.html?m=1\">Raul Kelleri k\u00fclmkapigalerii &#8211; kodus ja n\u00e4itusesaalis, Lehvikuga t\u00fcdruk, 09.03.2021<\/a><br \/>\n<a href=\"https:\/\/kultuur.err.ee\/1160400\/raul-kelleri-naitus-ideaalmaastikud-liigub-mooda-eesti-inimeste-kulmkappe\">Raul Kelleri n\u00e4itus \u201eIdeaalmaastikud\u201d liigub m\u00f6\u00f6da Eesti inimeste k\u00fclmkappe, ERR.ee, 12.11.2020<\/a><br \/>\n<a href=\"https:\/\/cca.ee\/ajakiri\/kuhu-minna-mida-teha-1-7-martsini\">Kuhu minna &amp; mida teha 1. \u2013 7. m\u00e4rtsil, CCA.ee, 01.03.2021<\/a><br \/>\n<a href=\"https:\/\/tudruklehvikuga.blogspot.com\/2021\/02\/ekspressiga-kevadesse-ann-pajuvali-ja.html?m=1\">Ekspressiga kevadesse &#8211; Ann Pajuv\u00e4li ja Misa Asanuma Hobusepea galeriis, Lehvikuga t\u00fcdruk, 28.02.2021<\/a><br \/>\n<a href=\"https:\/\/leht.postimees.ee\/7179867\/kas-maastikud-unistavad-elektrilammastest\">Kas maastikud unistavad elektrilammastest?, Postimees.ee, 15.02.2021, Stefan Peetri<\/a><br \/>\n<a href=\"https:\/\/leht.postimees.ee\/7178331\/kunst-sinu-umber-kanooniline-laurentsius-suur-osa-head-kunsti-tegeleb-mottetute-teemadega\">Kunst sinu \u00fcmber. Kanooniline Laurentsius: \u201eSuur osa head kunsti tegeleb m\u00f5ttetute teemadega.\u201d, Postimees.ee, 13.02.2021, Kaarin Kivir\u00e4hk<\/a><br \/>\n<a href=\"https:\/\/kultuur.err.ee\/1608096505\/laurentsiuse-isikunaitus-viib-unenaolistele-maastikutele\">Laurentsiuse isikun\u00e4itus viib unen\u00e4olistele maastikutele, ERR.ee, 03.02.2021<\/a><br \/>\n<a href=\"https:\/\/kultuur.err.ee\/1608092461\/hobusepea-galeriis-otsitakse-tasakaalu-koostoo-ja-parasiitluse-vahel\">Hobusepea galeriis otsitakse tasakaalu koost\u00f6\u00f6 ja parasiitluse vahel, ERR.ee, 30.01.2021<\/a><br \/>\n<a href=\"https:\/\/cca.ee\/ajakiri\/kuhu-minna-mida-teha-1-7-veebruaril\">Kuhu minna &amp; mida teha 1. \u2013 7. veebruaril, CCA.ee, 01.02.2021<\/a><br \/>\n<a href=\"https:\/\/nbyaa.eu\/et\/exhibition-posts\/pille-riin-jaiki-miriam-esther-meyeri-uhisnaitus-parasiitlik-sumbioos\/\">Parasitic Symbiosis, Echo Gone Wrong, 21.02.2021, Liudmila Kirsanova<\/a><\/p>\n","protected":false},"excerpt":{"rendered":"<p>Press 2025 \u00dclevaade. Kunstiaasta 2025, kultuur.err.ee, 30.12.2025 Kunstiministeerium. Tagasivaade kunstiaastale 2025, Klassikaraadio.err.ee, 27.12.2025 Kunstiaasta 2025 \u2013 pimedus ja v\u00e4rvid, Sirp, 19.12.2025, Juhan Raud Photo reportage from the exhibition &#8216;Obsessions&#8217; by Art Allm\u00e4gi at the Draakon Gallery, Echo Gone Wrong, 08.01.2025 Galerii: skulptor Art Allm\u00e4gi avas Draakoni galeriis isikun\u00e4ituse &#8220;Sundm\u00f5tted&#8221;, kultuur.err.ee, 18.12.2025 Kas auk seinas on<a class=\"more-link\" href=\"https:\/\/hobusepeadraakon.ee\/en\/press\/\">Continue reading <span class=\"screen-reader-text\">&#8220;Press&#8221;<\/span><\/a><\/p>\n","protected":false},"author":2,"featured_media":0,"parent":0,"menu_order":0,"comment_status":"closed","ping_status":"closed","template":"page-press.php","meta":[],"acf":[],"_links":{"self":[{"href":"https:\/\/hobusepeadraakon.ee\/en\/wp-json\/wp\/v2\/pages\/414"}],"collection":[{"href":"https:\/\/hobusepeadraakon.ee\/en\/wp-json\/wp\/v2\/pages"}],"about":[{"href":"https:\/\/hobusepeadraakon.ee\/en\/wp-json\/wp\/v2\/types\/page"}],"author":[{"embeddable":true,"href":"https:\/\/hobusepeadraakon.ee\/en\/wp-json\/wp\/v2\/users\/2"}],"replies":[{"embeddable":true,"href":"https:\/\/hobusepeadraakon.ee\/en\/wp-json\/wp\/v2\/comments?post=414"}],"version-history":[{"count":22,"href":"https:\/\/hobusepeadraakon.ee\/en\/wp-json\/wp\/v2\/pages\/414\/revisions"}],"predecessor-version":[{"id":9359,"href":"https:\/\/hobusepeadraakon.ee\/en\/wp-json\/wp\/v2\/pages\/414\/revisions\/9359"}],"wp:attachment":[{"href":"https:\/\/hobusepeadraakon.ee\/en\/wp-json\/wp\/v2\/media?parent=414"}],"curies":[{"name":"wp","href":"https:\/\/api.w.org\/{rel}","templated":true}]}}